{"id":28,"date":"2017-02-24T20:35:15","date_gmt":"2017-02-24T19:35:15","guid":{"rendered":"http:\/\/gruene-ov-stuttgart.de\/feuerbach\/?page_id=28"},"modified":"2025-02-09T17:33:36","modified_gmt":"2025-02-09T16:33:36","slug":"bezirksbeirat","status":"publish","type":"page","link":"https:\/\/gruene-ov-stuttgart.de\/feuerbach\/bezirksbeirat\/","title":{"rendered":"Bezirksbeirat\/Stadtrat"},"content":{"rendered":"<div class=\"groupfunction\"><strong>Bezirksbeir\u00e4te Feuerbach Mitglieder B\u00fcndnis 90\/DIE GR\u00dcNEN:<\/strong><\/div>\n<ul class=\"alist nobullets\">\n<li>\n<table id=\"tablepress-2\" class=\"tablepress tablepress-id-2\">\n<tbody>\n<tr class=\"row-2\">\n<td class=\"column-1\"><img loading=\"lazy\" decoding=\"async\" class=\"alignnone wp-image-1000 \" src=\"https:\/\/gruene-ov-stuttgart.de\/feuerbach\/wp-content\/uploads\/2023\/10\/Chris_hq-3-scaled-e1739117247528-400x395.jpg\" alt=\"Christian Musse, Listenplatz 12 Kommunalwahl 2024 Gr\u00fcne Stuttgart\" width=\"132\" height=\"130\" srcset=\"https:\/\/gruene-ov-stuttgart.de\/feuerbach\/wp-content\/uploads\/2023\/10\/Chris_hq-3-scaled-e1739117247528-400x395.jpg 400w, https:\/\/gruene-ov-stuttgart.de\/feuerbach\/wp-content\/uploads\/2023\/10\/Chris_hq-3-scaled-e1739117247528-800x790.jpg 800w, https:\/\/gruene-ov-stuttgart.de\/feuerbach\/wp-content\/uploads\/2023\/10\/Chris_hq-3-scaled-e1739117247528-768x759.jpg 768w, https:\/\/gruene-ov-stuttgart.de\/feuerbach\/wp-content\/uploads\/2023\/10\/Chris_hq-3-scaled-e1739117247528.jpg 998w\" sizes=\"auto, (max-width: 132px) 100vw, 132px\" \/><\/td>\n<td class=\"column-2\">\n<p><a href=\"https:\/\/allris.stuttgart.de\/kp020?KPLFDNR=200220\">Herr Christian Musse<\/a><\/p>\n<p>Sprecher der Bezirksbeiratsfraktion<\/p>\n<\/td>\n<\/tr>\n<\/tbody>\n<\/table>\n<\/li>\n<\/ul>\n<ul>\n<li>Frau Dr. Margarete Sigle<\/li>\n<li>Herr Axel Schmid<\/li>\n<li><a href=\"https:\/\/allris.stuttgart.de\/kp020?KPLFDNR=1000619\">Frau Carina H\u00e4ussler<\/a><\/li>\n<\/ul>\n<p><strong>Stellvertretende Bezirksbeir\u00e4te Feuerbach B\u00fcndnis 90\/Die GR\u00dcNEN:<\/strong><\/p>\n<ul class=\"alist nobullets\">\n<li><a href=\"https:\/\/allris.stuttgart.de\/kp020?KPLFDNR=1000620\">Dr. Daniel Kusterer<\/a><\/li>\n<li><a href=\"https:\/\/allris.stuttgart.de\/kp020?KPLFDNR=1000427\">Frau Hanne Niebuhr<\/a><\/li>\n<li>Herr Andreas B\u00fcchner<\/li>\n<\/ul>\n<p><strong>B\u00fcndnis 90\/Die GR\u00dcNEN Betreuungsstadtr\u00e4te f\u00fcr Feuerbach<\/strong><\/p>\n<table id=\"tablepress-2\" class=\"tablepress tablepress-id-2\">\n<tbody>\n<tr class=\"row-2\">\n<td class=\"column-1\"><img loading=\"lazy\" decoding=\"async\" class=\"alignnone  wp-image-1123\" src=\"https:\/\/gruene-ov-stuttgart.de\/feuerbach\/wp-content\/uploads\/2025\/02\/kp100013-400x266.jpg\" alt=\"\" width=\"184\" height=\"122\" srcset=\"https:\/\/gruene-ov-stuttgart.de\/feuerbach\/wp-content\/uploads\/2025\/02\/kp100013-400x266.jpg 400w, https:\/\/gruene-ov-stuttgart.de\/feuerbach\/wp-content\/uploads\/2025\/02\/kp100013.jpg 623w\" sizes=\"auto, (max-width: 184px) 100vw, 184px\" \/><\/td>\n<td class=\"column-2\"><a style=\"margin: 0px; padding: 0px; border: 0px; list-style-type: none; outline: none; color: #898638; font-family: Verdana, 'Lucida Sans', 'Lucida Sans Unicode', 'Lucida Grande', Arial, sans-serif; font-size: 15.3783569335938px; line-height: 22.6185188293457px;\" title=\"stellv.\" href=\"https:\/\/allris.stuttgart.de\/kp020?KPLFDNR=100013\">Gabriele Munk<\/a>\n<p>Dipl. Ing.<\/p>\n<\/td>\n<\/tr>\n<\/tbody>\n<\/table>\n<p><span style=\"color: #0a350a; font-family: 'Arvo Regular', 'Arvo Green', Trebuchet, 'Helvetica Neue', Helvetica, Arial, Verdana, sans-serif; font-size: 1.8em; line-height: 1.4em;\">Bezirksbeirat Feuerbach<\/span><\/p>\n<p><u><br \/><\/u><strong><u>Ort:<\/u>\u00a0\u00a0 <\/strong>Bezirksrathaus Feuerbach<br \/>Wilhelm-Geiger-Platz 1, 2. Stock, gro\u00dfer Sitzungssaal &#8211; Zimmer 211<\/p>\n\n\n<div class=\"wp-block-group has-text-color has-background is-layout-flow wp-block-group-is-layout-flow\" style=\"color:#ffffff;background-color:#163c29\">\n<h2 class=\"wp-block-heading has-text-align-center h1\">Werde aktiv<\/h2>\n\n\n\n<p class=\"has-text-align-center\">Hallo. Ich bin ein kleiner Blindtext. Und zwar schon so lange ich denken kann. <br>Es war nicht leicht zu verstehen, was es bedeutet, ein blinder Text zu sein.<\/p>\n\n\n\n<div class=\"wp-block-buttons is-horizontal is-content-justification-center is-layout-flex wp-container-core-buttons-is-layout-499968f5 wp-block-buttons-is-layout-flex\">\n<div class=\"wp-block-button\"><a class=\"wp-block-button__link no-border-radius wp-element-button\" href=\"?post_type=sunflower_event\" rel=\"\">Termine<\/a><\/div>\n\n\n\n<div class=\"wp-block-button\"><a class=\"wp-block-button__link no-border-radius wp-element-button\" href=\"https:\/\/gruene-stuttgart.de\/spenden\/\">Spenden<\/a><\/div>\n\n\n\n<div class=\"wp-block-button\"><a class=\"wp-block-button__link no-border-radius wp-element-button\" href=\"https:\/\/gruene-stuttgart.de\/mitmachen\/mitglied-werden\/\">Mitglied werden<\/a><\/div>\n\n\n\n<div class=\"wp-block-button\"><a class=\"wp-block-button__link wp-element-button\" href=\"https:\/\/gruene-ov-stuttgart.de\/feuerbach\/kontakt\/\">Kontakt<\/a><\/div>\n<\/div>\n<\/div>\n","protected":false},"excerpt":{"rendered":"<p>Bezirksbeir\u00e4te Feuerbach Mitglieder B\u00fcndnis 90\/DIE GR\u00dcNEN: Herr Christian Musse Sprecher der Bezirksbeiratsfraktion Frau Dr. Margarete Sigle Herr Axel Schmid Frau Carina H\u00e4ussler Stellvertretende Bezirksbeir\u00e4te Feuerbach B\u00fcndnis 90\/Die GR\u00dcNEN: Dr. Daniel [&hellip;]<\/p>\n","protected":false},"author":2,"featured_media":0,"parent":0,"menu_order":0,"comment_status":"closed","ping_status":"closed","template":"","meta":{"footnotes":""},"class_list":["post-28","page","type-page","status-publish","hentry"],"_links":{"self":[{"href":"https:\/\/gruene-ov-stuttgart.de\/feuerbach\/wp-json\/wp\/v2\/pages\/28","targetHints":{"allow":["GET"]}}],"collection":[{"href":"https:\/\/gruene-ov-stuttgart.de\/feuerbach\/wp-json\/wp\/v2\/pages"}],"about":[{"href":"https:\/\/gruene-ov-stuttgart.de\/feuerbach\/wp-json\/wp\/v2\/types\/page"}],"author":[{"embeddable":true,"href":"https:\/\/gruene-ov-stuttgart.de\/feuerbach\/wp-json\/wp\/v2\/users\/2"}],"replies":[{"embeddable":true,"href":"https:\/\/gruene-ov-stuttgart.de\/feuerbach\/wp-json\/wp\/v2\/comments?post=28"}],"version-history":[{"count":33,"href":"https:\/\/gruene-ov-stuttgart.de\/feuerbach\/wp-json\/wp\/v2\/pages\/28\/revisions"}],"predecessor-version":[{"id":1136,"href":"https:\/\/gruene-ov-stuttgart.de\/feuerbach\/wp-json\/wp\/v2\/pages\/28\/revisions\/1136"}],"wp:attachment":[{"href":"https:\/\/gruene-ov-stuttgart.de\/feuerbach\/wp-json\/wp\/v2\/media?parent=28"}],"curies":[{"name":"wp","href":"https:\/\/api.w.org\/{rel}","templated":true}]}}