{"id":12,"date":"2016-03-06T21:07:09","date_gmt":"2016-03-06T20:07:09","guid":{"rendered":"http:\/\/gruene-ov-stuttgart.de\/sued\/?page_id=12"},"modified":"2025-01-01T16:07:55","modified_gmt":"2025-01-01T15:07:55","slug":"die-bezirksbeiratsfraktion","status":"publish","type":"page","link":"https:\/\/gruene-ov-stuttgart.de\/sued\/buendnis-90-die-gruenen-in-stuttgart-sued\/die-bezirksbeiratsfraktion\/","title":{"rendered":"Die Bezirksbeiratsfraktion"},"content":{"rendered":"\n<p><span style=\"color: #008000;\"><strong>Die Gr\u00fcnen im Bezirksbeirat Stuttgart-S\u00fcd<\/strong><\/span><\/p>\n\n\n\n<p>Der Bezirksbeirat Stuttgart-S\u00fcd hat 15 Sitze, wovon 4 von B\u00fcndnis 90\/Die Gr\u00fcnen besetzt werden (entsprechend dem Wahlergebnis im Bezirk S\u00fcd bei der letzten Gemeinderatswahl).<\/p>\n\n\n\n<h2 class=\"wp-block-heading\">Sprecher\/innen:<\/h2>\n\n\n\n<div class=\"wp-block-group is-layout-flow wp-block-group-is-layout-flow\"><div class=\"wp-block-group__inner-container\">\n<div class=\"wp-block-columns is-layout-flex wp-container-core-columns-layout-4 wp-block-columns-is-layout-flex\">\n<div class=\"wp-block-column is-layout-flow wp-block-column-is-layout-flow\" style=\"flex-basis:100%\">\n<div class=\"wp-block-columns is-layout-flex wp-container-core-columns-layout-2 wp-block-columns-is-layout-flex\">\n<div class=\"wp-block-column is-layout-flow wp-block-column-is-layout-flow\" style=\"flex-basis:100%\">\n<div class=\"wp-block-columns is-layout-flex wp-container-core-columns-layout-1 wp-block-columns-is-layout-flex\">\n<div class=\"wp-block-column is-layout-flow wp-block-column-is-layout-flow\" style=\"flex-basis:33.33%\">\n<figure class=\"wp-block-image size-large is-resized\"><img loading=\"lazy\" decoding=\"async\" width=\"800\" height=\"895\" src=\"https:\/\/gruene-ov-stuttgart.de\/sued\/wp-content\/uploads\/2024\/12\/Portrait_Anette_Webseite-2-800x895.jpg\" alt=\"\" class=\"wp-image-1135\" style=\"width:246px;height:auto\" srcset=\"https:\/\/gruene-ov-stuttgart.de\/sued\/wp-content\/uploads\/2024\/12\/Portrait_Anette_Webseite-2-800x895.jpg 800w, https:\/\/gruene-ov-stuttgart.de\/sued\/wp-content\/uploads\/2024\/12\/Portrait_Anette_Webseite-2-400x448.jpg 400w, https:\/\/gruene-ov-stuttgart.de\/sued\/wp-content\/uploads\/2024\/12\/Portrait_Anette_Webseite-2-768x859.jpg 768w, https:\/\/gruene-ov-stuttgart.de\/sued\/wp-content\/uploads\/2024\/12\/Portrait_Anette_Webseite-2-134x150.jpg 134w, https:\/\/gruene-ov-stuttgart.de\/sued\/wp-content\/uploads\/2024\/12\/Portrait_Anette_Webseite-2.jpg 943w\" sizes=\"(max-width: 800px) 100vw, 800px\" \/><\/figure>\n<\/div>\n\n\n\n<div class=\"wp-block-column is-layout-flow wp-block-column-is-layout-flow\" style=\"flex-basis:66.66%\">\n<p>Anette Vogt<br>Bezirksbeir\u00e4tin, In der Ziegelklinge, S\u00fcdheim<\/p>\n\n\n\n<p>Am Erwin-Schoettle-Platz kann man mich h\u00e4ufig treffen. Die Quartiersentwicklung rundum und insbesondere auf dem Schoettle-Areal liegt mir sehr am Herzen<\/p>\n<\/div>\n<\/div>\n<\/div>\n<\/div>\n\n\n\n<div class=\"wp-block-columns is-layout-flex wp-container-core-columns-layout-3 wp-block-columns-is-layout-flex\">\n<div class=\"wp-block-column is-layout-flow wp-block-column-is-layout-flow\" style=\"flex-basis:33.33%\">\n<figure class=\"wp-block-image size-full is-resized\"><img loading=\"lazy\" decoding=\"async\" width=\"600\" height=\"773\" src=\"https:\/\/gruene-ov-stuttgart.de\/sued\/wp-content\/uploads\/2024\/02\/Kandidatenfoto-1.jpg\" alt=\"\" class=\"wp-image-906\" style=\"width:245px;height:307px\" srcset=\"https:\/\/gruene-ov-stuttgart.de\/sued\/wp-content\/uploads\/2024\/02\/Kandidatenfoto-1.jpg 600w, https:\/\/gruene-ov-stuttgart.de\/sued\/wp-content\/uploads\/2024\/02\/Kandidatenfoto-1-400x515.jpg 400w, https:\/\/gruene-ov-stuttgart.de\/sued\/wp-content\/uploads\/2024\/02\/Kandidatenfoto-1-116x150.jpg 116w\" sizes=\"(max-width: 600px) 100vw, 600px\" \/><\/figure>\n<\/div>\n\n\n\n<div class=\"wp-block-column is-layout-flow wp-block-column-is-layout-flow\" style=\"flex-basis:66.66%\">\n<p><a href=\"mailto:mail@philippbuchholz.de\">Philipp Buchholz<\/a> <br>Lehenstra\u00dfe , 70180 Stuttgart<br>Tel. 0152 &#8211; 1309121<\/p>\n\n\n\n<p>Aus Heslach frisch ins Lehenviertel gezogen, fordere und f\u00f6rdere ich im Bezirksbeirat und in der Regionalversammlung umweltfreundliche Mobilit\u00e4t.&nbsp;<\/p>\n<\/div>\n<\/div>\n<\/div>\n<\/div>\n<\/div><\/div>\n\n\n\n<div class=\"wp-block-columns is-layout-flex wp-container-core-columns-layout-5 wp-block-columns-is-layout-flex\">\n<div class=\"wp-block-column is-layout-flow wp-block-column-is-layout-flow\" style=\"flex-basis:33.33%\">\n<figure class=\"wp-block-image size-full is-resized\"><img loading=\"lazy\" decoding=\"async\" width=\"1000\" height=\"1333\" src=\"https:\/\/gruene-ov-stuttgart.de\/sued\/wp-content\/uploads\/2024\/12\/Die-Gruenen-Portraits-Kommunalwahlliste_ROT_gruen_hoch_kl.jpg\" alt=\"\" class=\"wp-image-1138\" style=\"aspect-ratio:0.7264705882352941;width:246px;height:auto\" srcset=\"https:\/\/gruene-ov-stuttgart.de\/sued\/wp-content\/uploads\/2024\/12\/Die-Gruenen-Portraits-Kommunalwahlliste_ROT_gruen_hoch_kl.jpg 1000w, https:\/\/gruene-ov-stuttgart.de\/sued\/wp-content\/uploads\/2024\/12\/Die-Gruenen-Portraits-Kommunalwahlliste_ROT_gruen_hoch_kl-400x533.jpg 400w, https:\/\/gruene-ov-stuttgart.de\/sued\/wp-content\/uploads\/2024\/12\/Die-Gruenen-Portraits-Kommunalwahlliste_ROT_gruen_hoch_kl-800x1066.jpg 800w, https:\/\/gruene-ov-stuttgart.de\/sued\/wp-content\/uploads\/2024\/12\/Die-Gruenen-Portraits-Kommunalwahlliste_ROT_gruen_hoch_kl-768x1024.jpg 768w, https:\/\/gruene-ov-stuttgart.de\/sued\/wp-content\/uploads\/2024\/12\/Die-Gruenen-Portraits-Kommunalwahlliste_ROT_gruen_hoch_kl-113x150.jpg 113w\" sizes=\"(max-width: 1000px) 100vw, 1000px\" \/><\/figure>\n<\/div>\n\n\n\n<div class=\"wp-block-column is-layout-flow wp-block-column-is-layout-flow\" style=\"flex-basis:66.66%\">\n<p><a href=\"mailto:Reinhard.otter@r-ot.de\" data-type=\"mailto\" data-id=\"mailto:Reinhard.otter@r-ot.de\">Reinhard Otter<\/a><br>Stellv. Bezirksvorsteher, Neue Weinsteige, Bopser, <\/p>\n\n\n\n<p>Wenn ich gerade nicht im Lehenviertel arbeite, trifft man mich im S\u00fcden auf dem Rad und oft auch mit unserem Hund Charles im Wernhaldenpark oder im Bopserwald.<\/p>\n<\/div>\n<\/div>\n\n\n\n<h2 class=\"wp-block-heading\">Weitere Mitglieder<\/h2>\n\n\n\n<div class=\"wp-block-columns is-layout-flex wp-container-core-columns-layout-6 wp-block-columns-is-layout-flex\">\n<div class=\"wp-block-column is-layout-flow wp-block-column-is-layout-flow\" style=\"flex-basis:33.33%\">\n<figure class=\"wp-block-image size-large is-resized\"><img loading=\"lazy\" decoding=\"async\" width=\"800\" height=\"1066\" src=\"https:\/\/gruene-ov-stuttgart.de\/sued\/wp-content\/uploads\/2024\/12\/franziska_BB_gruen_kl-Kopie-800x1066.jpg\" alt=\"\" class=\"wp-image-1131\" style=\"width:249px;height:auto\" srcset=\"https:\/\/gruene-ov-stuttgart.de\/sued\/wp-content\/uploads\/2024\/12\/franziska_BB_gruen_kl-Kopie-800x1066.jpg 800w, https:\/\/gruene-ov-stuttgart.de\/sued\/wp-content\/uploads\/2024\/12\/franziska_BB_gruen_kl-Kopie-400x533.jpg 400w, https:\/\/gruene-ov-stuttgart.de\/sued\/wp-content\/uploads\/2024\/12\/franziska_BB_gruen_kl-Kopie-768x1023.jpg 768w, https:\/\/gruene-ov-stuttgart.de\/sued\/wp-content\/uploads\/2024\/12\/franziska_BB_gruen_kl-Kopie-113x150.jpg 113w, https:\/\/gruene-ov-stuttgart.de\/sued\/wp-content\/uploads\/2024\/12\/franziska_BB_gruen_kl-Kopie.jpg 1010w\" sizes=\"(max-width: 800px) 100vw, 800px\" \/><\/figure>\n<\/div>\n\n\n\n<div class=\"wp-block-column is-layout-flow wp-block-column-is-layout-flow\" style=\"flex-basis:66.66%\">\n<p>Franziska G\u00f6tz<br>Bezirksbeir\u00e4tin, Heslach<\/p>\n\n\n\n<p>Im Stuttgarter S\u00fcden f\u00fchle ich mich wohl, weil er so viele spannende Gegens\u00e4tze bietet: Ich liebe die N\u00e4he zum Wald, den charmanten Wochenmarkt auf dem Bihlplatz und das trubelige Treiben an der T\u00fcbinger Stra\u00dfe.<\/p>\n<\/div>\n<\/div>\n\n\n\n<div class=\"wp-block-columns is-layout-flex wp-container-core-columns-layout-7 wp-block-columns-is-layout-flex\">\n<div class=\"wp-block-column is-layout-flow wp-block-column-is-layout-flow\" style=\"flex-basis:33.33%\">\n<figure class=\"wp-block-image size-full is-resized\"><img loading=\"lazy\" decoding=\"async\" width=\"600\" height=\"834\" src=\"https:\/\/gruene-ov-stuttgart.de\/sued\/wp-content\/uploads\/2024\/02\/Judith.jpg\" alt=\"\" class=\"wp-image-909\" style=\"width:246px;height:341px\" srcset=\"https:\/\/gruene-ov-stuttgart.de\/sued\/wp-content\/uploads\/2024\/02\/Judith.jpg 600w, https:\/\/gruene-ov-stuttgart.de\/sued\/wp-content\/uploads\/2024\/02\/Judith-400x556.jpg 400w, https:\/\/gruene-ov-stuttgart.de\/sued\/wp-content\/uploads\/2024\/02\/Judith-108x150.jpg 108w\" sizes=\"(max-width: 600px) 100vw, 600px\" \/><\/figure>\n<\/div>\n\n\n\n<div class=\"wp-block-column is-layout-flow wp-block-column-is-layout-flow\" style=\"flex-basis:66.66%\">\n<p>Judith H\u00e4ring<br>stellv. Bezirksbeir\u00e4tin, Schreiberstra\u00dfe, Heslach<\/p>\n\n\n\n<p>Zu Fu\u00df oder per (Mountain-)Bike genie\u00dfe ich die vielen Aussichten in und auf Stuttgart-S\u00fcd \u2013 am Liebsten von der Karlsh\u00f6he, am Erwin-Schoettle-Platz und im Heslacher Wald.&nbsp;<\/p>\n<\/div>\n<\/div>\n\n\n\n<div class=\"wp-block-columns is-layout-flex wp-container-core-columns-layout-8 wp-block-columns-is-layout-flex\">\n<div class=\"wp-block-column is-layout-flow wp-block-column-is-layout-flow\" style=\"flex-basis:33.33%\">\n<figure class=\"wp-block-image size-full is-resized\"><img loading=\"lazy\" decoding=\"async\" width=\"600\" height=\"771\" src=\"https:\/\/gruene-ov-stuttgart.de\/sued\/wp-content\/uploads\/2025\/01\/Robert_KI_-20250101141315_kl.png\" alt=\"Robert H\u00fclsmann, Bezirksbeirat\" class=\"wp-image-1146\" style=\"width:238px;height:auto\" srcset=\"https:\/\/gruene-ov-stuttgart.de\/sued\/wp-content\/uploads\/2025\/01\/Robert_KI_-20250101141315_kl.png 600w, https:\/\/gruene-ov-stuttgart.de\/sued\/wp-content\/uploads\/2025\/01\/Robert_KI_-20250101141315_kl-400x514.png 400w, https:\/\/gruene-ov-stuttgart.de\/sued\/wp-content\/uploads\/2025\/01\/Robert_KI_-20250101141315_kl-117x150.png 117w\" sizes=\"(max-width: 600px) 100vw, 600px\" \/><\/figure>\n<\/div>\n\n\n\n<div class=\"wp-block-column is-layout-flow wp-block-column-is-layout-flow\" style=\"flex-basis:66.66%\">\n<p>Robert H\u00fclsmann,<br>Bezirksbeirat, Heslach<\/p>\n\n\n\n<p>An Heslach liebe ich die N\u00e4he zur Gro\u00dfstadt mit Fachgesch\u00e4ften, Kunstmuseum und Clubs \u2013 alles flott mit Bahn oder Fahrrad erreichbar. Zugleich ist die Natur direkt in der Nachbarschaft. Die urbanen R\u00e4ume im S\u00fcden w\u00fcnsche ich mir noch gr\u00fcner. <\/p>\n<\/div>\n<\/div>\n\n\n\n<div class=\"wp-block-columns is-layout-flex wp-container-core-columns-layout-9 wp-block-columns-is-layout-flex\">\n<div class=\"wp-block-column is-layout-flow wp-block-column-is-layout-flow\" style=\"flex-basis:33.33%\">\n<figure class=\"wp-block-image size-full is-resized\"><img loading=\"lazy\" decoding=\"async\" width=\"600\" height=\"711\" src=\"https:\/\/gruene-ov-stuttgart.de\/sued\/wp-content\/uploads\/2024\/02\/Andrea1.jpg\" alt=\"\" class=\"wp-image-912\" style=\"width:243px;height:287px\" srcset=\"https:\/\/gruene-ov-stuttgart.de\/sued\/wp-content\/uploads\/2024\/02\/Andrea1.jpg 600w, https:\/\/gruene-ov-stuttgart.de\/sued\/wp-content\/uploads\/2024\/02\/Andrea1-400x474.jpg 400w, https:\/\/gruene-ov-stuttgart.de\/sued\/wp-content\/uploads\/2024\/02\/Andrea1-127x150.jpg 127w\" sizes=\"(max-width: 600px) 100vw, 600px\" \/><\/figure>\n<\/div>\n\n\n\n<div class=\"wp-block-column is-layout-flow wp-block-column-is-layout-flow\" style=\"flex-basis:66.66%\">\n<p>Andrea Pfletschinger<br>Bezirksbeir\u00e4tin, Baumreute, S\u00fcdheim<\/p>\n\n\n\n<p>Im Sommer und im Winter bin ich mit dem Rad mobil. Die Fahrradstra\u00dfen in T\u00fcbinger- und M\u00f6hringerstra\u00dfe geh\u00f6ren nat\u00fcrlich zu meinen t\u00e4glichen Wegen.<\/p>\n<\/div>\n<\/div>\n\n\n\n<div class=\"wp-block-columns is-layout-flex wp-container-core-columns-layout-10 wp-block-columns-is-layout-flex\">\n<div class=\"wp-block-column is-layout-flow wp-block-column-is-layout-flow\" style=\"flex-basis:33.33%\">\n<figure class=\"wp-block-image size-large is-resized\"><img loading=\"lazy\" decoding=\"async\" width=\"800\" height=\"1048\" src=\"https:\/\/gruene-ov-stuttgart.de\/sued\/wp-content\/uploads\/2024\/02\/Thorsten-800x1048.jpg\" alt=\"\" class=\"wp-image-914\" style=\"width:243px;height:auto\" srcset=\"https:\/\/gruene-ov-stuttgart.de\/sued\/wp-content\/uploads\/2024\/02\/Thorsten-800x1048.jpg 800w, https:\/\/gruene-ov-stuttgart.de\/sued\/wp-content\/uploads\/2024\/02\/Thorsten-400x524.jpg 400w, https:\/\/gruene-ov-stuttgart.de\/sued\/wp-content\/uploads\/2024\/02\/Thorsten-768x1006.jpg 768w, https:\/\/gruene-ov-stuttgart.de\/sued\/wp-content\/uploads\/2024\/02\/Thorsten-114x150.jpg 114w, https:\/\/gruene-ov-stuttgart.de\/sued\/wp-content\/uploads\/2024\/02\/Thorsten.jpg 844w\" sizes=\"(max-width: 800px) 100vw, 800px\" \/><\/figure>\n<\/div>\n\n\n\n<div class=\"wp-block-column is-layout-flow wp-block-column-is-layout-flow\" style=\"flex-basis:66.66%\">\n<p>Thorsten Weh<br>stell. Bezirksbeirat, Olgastra\u00dfe, Lehen<\/p>\n\n\n\n<p>Mein Lieblingsplatz: der Marienplatz. Hier ist \u201eurban\u201c kein Schimpfwort. Abends scheint ewig die Sonne drauf, viele verschiedene Menschen machen den offenen Platz lebendig.<\/p>\n<\/div>\n<\/div>\n\n\n\n<h2 class=\"wp-block-heading\">Betreuungsstadtrat<\/h2>\n\n\n\n<div class=\"wp-block-columns is-layout-flex wp-container-core-columns-layout-11 wp-block-columns-is-layout-flex\">\n<div class=\"wp-block-column is-layout-flow wp-block-column-is-layout-flow\" style=\"flex-basis:33.33%\">\n<figure class=\"wp-block-image size-full is-resized\"><img loading=\"lazy\" decoding=\"async\" width=\"207\" height=\"259\" src=\"https:\/\/gruene-ov-stuttgart.de\/sued\/wp-content\/uploads\/2024\/12\/Flo_Pitschel_hoch.jpg\" alt=\"\" class=\"wp-image-1140\" style=\"width:253px;height:auto\" srcset=\"https:\/\/gruene-ov-stuttgart.de\/sued\/wp-content\/uploads\/2024\/12\/Flo_Pitschel_hoch.jpg 207w, https:\/\/gruene-ov-stuttgart.de\/sued\/wp-content\/uploads\/2024\/12\/Flo_Pitschel_hoch-120x150.jpg 120w\" sizes=\"(max-width: 207px) 100vw, 207px\" \/><\/figure>\n<\/div>\n\n\n\n<div class=\"wp-block-column is-layout-flow wp-block-column-is-layout-flow\" style=\"flex-basis:66.66%\">\n<p>Florian Pitschel<br>Stadtrat, Heslach<\/p>\n<\/div>\n<\/div>\n\n\n\n<h2 class=\"wp-block-heading\">Sachkundiger Einwohner f\u00fcr das Sanierungsgebiet Kaltental<\/h2>\n\n\n\n<div class=\"wp-block-columns is-layout-flex wp-container-core-columns-layout-12 wp-block-columns-is-layout-flex\">\n<div class=\"wp-block-column is-layout-flow wp-block-column-is-layout-flow\" style=\"flex-basis:33.33%\">\n<figure class=\"wp-block-image size-full is-resized\"><img loading=\"lazy\" decoding=\"async\" width=\"600\" height=\"897\" src=\"https:\/\/gruene-ov-stuttgart.de\/sued\/wp-content\/uploads\/2024\/02\/HB-aus-pdf.jpg\" alt=\"\" class=\"wp-image-908\" style=\"width:253px;height:auto\" srcset=\"https:\/\/gruene-ov-stuttgart.de\/sued\/wp-content\/uploads\/2024\/02\/HB-aus-pdf.jpg 600w, https:\/\/gruene-ov-stuttgart.de\/sued\/wp-content\/uploads\/2024\/02\/HB-aus-pdf-400x598.jpg 400w, https:\/\/gruene-ov-stuttgart.de\/sued\/wp-content\/uploads\/2024\/02\/HB-aus-pdf-100x150.jpg 100w\" sizes=\"(max-width: 600px) 100vw, 600px\" \/><\/figure>\n<\/div>\n\n\n\n<div class=\"wp-block-column is-layout-flow wp-block-column-is-layout-flow\" style=\"flex-basis:66.66%\">\n<p>Hartmut Bremer<br>Kaltental, B\u00f6blinger Stra\u00dfe<\/p>\n\n\n\n<p>Mein Herz schl\u00e4gt f\u00fcr Kaltental, wo ich seit 1996 lebe und arbeite. Kaltental lebenswerter gestalten, dazu geh\u00f6rt auch, die trennende Wirkung der Ortsduchfahrt zu mildern.&nbsp;<\/p>\n<\/div>\n<\/div>\n\n\n\n<p><\/p>\n","protected":false},"excerpt":{"rendered":"<p>Der Bezirksbeirat Stuttgart-S\u00fcd hat 16 Sitze, wovon 5 von B\u00fcndnis 90\/Die Gr\u00fcnen besetzt werden.<br \/>\nDr. Christine Lehmann und Benny Lauber sind die Betreuungsstadtr\u00e4tInnen.<\/p>\n","protected":false},"author":2,"featured_media":0,"parent":7,"menu_order":2,"comment_status":"closed","ping_status":"closed","template":"","meta":{"footnotes":""},"_links":{"self":[{"href":"https:\/\/gruene-ov-stuttgart.de\/sued\/wp-json\/wp\/v2\/pages\/12"}],"collection":[{"href":"https:\/\/gruene-ov-stuttgart.de\/sued\/wp-json\/wp\/v2\/pages"}],"about":[{"href":"https:\/\/gruene-ov-stuttgart.de\/sued\/wp-json\/wp\/v2\/types\/page"}],"author":[{"embeddable":true,"href":"https:\/\/gruene-ov-stuttgart.de\/sued\/wp-json\/wp\/v2\/users\/2"}],"replies":[{"embeddable":true,"href":"https:\/\/gruene-ov-stuttgart.de\/sued\/wp-json\/wp\/v2\/comments?post=12"}],"version-history":[{"count":34,"href":"https:\/\/gruene-ov-stuttgart.de\/sued\/wp-json\/wp\/v2\/pages\/12\/revisions"}],"predecessor-version":[{"id":1167,"href":"https:\/\/gruene-ov-stuttgart.de\/sued\/wp-json\/wp\/v2\/pages\/12\/revisions\/1167"}],"up":[{"embeddable":true,"href":"https:\/\/gruene-ov-stuttgart.de\/sued\/wp-json\/wp\/v2\/pages\/7"}],"wp:attachment":[{"href":"https:\/\/gruene-ov-stuttgart.de\/sued\/wp-json\/wp\/v2\/media?parent=12"}],"curies":[{"name":"wp","href":"https:\/\/api.w.org\/{rel}","templated":true}]}}