{"id":1364,"date":"2024-02-02T11:32:57","date_gmt":"2024-02-02T10:32:57","guid":{"rendered":"https:\/\/gruene-ov-stuttgart.de\/west\/?page_id=1364"},"modified":"2024-04-15T09:40:59","modified_gmt":"2024-04-15T07:40:59","slug":"wohnen","status":"publish","type":"page","link":"https:\/\/gruene-ov-stuttgart.de\/west\/themen\/wohnen\/","title":{"rendered":"Wohnen im Westen"},"content":{"rendered":"\n<p>Der Stuttgarter Westen ist als Wohnlage \u00e4u\u00dferst begehrt, was den Wohnungsmarkt in diesem Viertel seit langem unter Druck setzt. Es darf jedoch nicht sein, dass knapper Wohnraum dazu f\u00fchrt, dass Menschen mit geringerem Einkommen benachteiligt werden. Unser Ziel ist es daher, ausreichend Wohnraum zu schaffen, Verdr\u00e4ngung zu verhindern und bezahlbaren Wohnraum zu erhalten und zu schaffen.<\/p>\n\n\n\n<p>Zus\u00e4tzlich streben wir danach, den Klimaschutz in den Geb\u00e4uden und im Stadtviertel voranzutreiben. Dies kann durch die Nutzung energiesparender Baumaterialien, die F\u00f6rderung effizienter Heizsysteme und die Unterst\u00fctzung nachhaltiger Mobilit\u00e4tskonzepte erreicht werden.<\/p>\n\n\n\n<p>Des Weiteren setzen wir uns f\u00fcr den barrierefreien Umbau bestehender Wohnungen ein, um allen Menschen einen gleichberechtigten Zugang zu Wohnraum zu erm\u00f6glichen.<\/p>\n\n\n\n<p>Wohnen ist ein Grundbed\u00fcrfnis, das nicht von der Gr\u00f6\u00dfe des Geldbeutels abh\u00e4ngig sein sollte. Jeder sollte die M\u00f6glichkeit haben, dort zu leben, wo Freunde, Schulen und Arbeitspl\u00e4tze sind. Es ist unsere gemeinsame Verantwortung, f\u00fcr eine gerechte und bezahlbare Wohnsituation zu sorgen.<\/p>\n\n\n\n<p>Haben Sie Fragen oder Anregungen zum Thema? Schreiben Sie uns gern \u00fcber unser <a href=\"https:\/\/gruene-ov-stuttgart.de\/west\/kontakt\/\">Kontaktformular<\/a>.<\/p>\n","protected":false},"excerpt":{"rendered":"<p>Der Stuttgarter Westen ist als Wohnlage \u00e4u\u00dferst begehrt, was den Wohnungsmarkt in diesem Viertel seit langem unter Druck setzt. Es darf jedoch nicht sein, dass knapper Wohnraum dazu f\u00fchrt, dass [&hellip;]<\/p>\n","protected":false},"author":14,"featured_media":0,"parent":1362,"menu_order":0,"comment_status":"closed","ping_status":"closed","template":"","meta":{"footnotes":"","beyondwords_generate_audio":"","beyondwords_integration_method":"","beyondwords_project_id":"","beyondwords_content_id":"","beyondwords_preview_token":"","beyondwords_player_content":"","beyondwords_player_style":"","beyondwords_language_code":"","beyondwords_language_id":"","beyondwords_title_voice_id":"","beyondwords_body_voice_id":"","beyondwords_summary_voice_id":"","beyondwords_error_message":"","beyondwords_disabled":"","beyondwords_delete_content":"","beyondwords_podcast_id":"","beyondwords_hash":"","publish_post_to_speechkit":"","speechkit_hash":"","speechkit_generate_audio":"","speechkit_project_id":"","speechkit_podcast_id":"","speechkit_error_message":"","speechkit_disabled":"","speechkit_access_key":"","speechkit_error":"","speechkit_info":"","speechkit_response":"","speechkit_retries":"","speechkit_status":"","speechkit_updated_at":"","_speechkit_link":"","_speechkit_text":""},"class_list":["post-1364","page","type-page","status-publish","hentry"],"yoast_head":"<!-- This site is optimized with the Yoast SEO plugin v27.5 - https:\/\/yoast.com\/product\/yoast-seo-wordpress\/ -->\n<title>Wohnen im Westen - Gr\u00fcne Stuttgart West<\/title>\n<meta name=\"description\" content=\"Jeder sollte die M\u00f6glichkeit haben, dort zu leben, wo Freunde, Schulen und Arbeitspl\u00e4tze sind. Es ist unsere gemeinsame Verantwortung, f\u00fcr eine gerechte und bezahlbare Wohnsituation zu sorgen.\" \/>\n<meta name=\"robots\" content=\"index, follow, max-snippet:-1, max-image-preview:large, max-video-preview:-1\" \/>\n<link rel=\"canonical\" href=\"https:\/\/gruene-ov-stuttgart.de\/west\/themen\/wohnen\/\" \/>\n<meta property=\"og:locale\" content=\"de_DE\" \/>\n<meta property=\"og:type\" content=\"article\" \/>\n<meta property=\"og:title\" content=\"Wohnen im Westen - Gr\u00fcne Stuttgart West\" \/>\n<meta property=\"og:description\" content=\"Jeder sollte die M\u00f6glichkeit haben, dort zu leben, wo Freunde, Schulen und Arbeitspl\u00e4tze sind. Es ist unsere gemeinsame Verantwortung, f\u00fcr eine gerechte und bezahlbare Wohnsituation zu sorgen.\" \/>\n<meta property=\"og:url\" content=\"https:\/\/gruene-ov-stuttgart.de\/west\/themen\/wohnen\/\" \/>\n<meta property=\"og:site_name\" content=\"Gr\u00fcne Stuttgart West\" \/>\n<meta property=\"article:modified_time\" content=\"2024-04-15T07:40:59+00:00\" \/>\n<meta name=\"twitter:card\" content=\"summary_large_image\" \/>\n<script type=\"application\/ld+json\" class=\"yoast-schema-graph\">{\"@context\":\"https:\\\/\\\/schema.org\",\"@graph\":[{\"@type\":\"WebPage\",\"@id\":\"https:\\\/\\\/gruene-ov-stuttgart.de\\\/west\\\/themen\\\/wohnen\\\/\",\"url\":\"https:\\\/\\\/gruene-ov-stuttgart.de\\\/west\\\/themen\\\/wohnen\\\/\",\"name\":\"Wohnen im Westen - Gr\u00fcne Stuttgart West\",\"isPartOf\":{\"@id\":\"https:\\\/\\\/gruene-ov-stuttgart.de\\\/west\\\/#website\"},\"datePublished\":\"2024-02-02T10:32:57+00:00\",\"dateModified\":\"2024-04-15T07:40:59+00:00\",\"description\":\"Jeder sollte die M\u00f6glichkeit haben, dort zu leben, wo Freunde, Schulen und Arbeitspl\u00e4tze sind. Es ist unsere gemeinsame Verantwortung, f\u00fcr eine gerechte und bezahlbare Wohnsituation zu sorgen.\",\"breadcrumb\":{\"@id\":\"https:\\\/\\\/gruene-ov-stuttgart.de\\\/west\\\/themen\\\/wohnen\\\/#breadcrumb\"},\"inLanguage\":\"de\",\"potentialAction\":[{\"@type\":\"ReadAction\",\"target\":[\"https:\\\/\\\/gruene-ov-stuttgart.de\\\/west\\\/themen\\\/wohnen\\\/\"]}]},{\"@type\":\"BreadcrumbList\",\"@id\":\"https:\\\/\\\/gruene-ov-stuttgart.de\\\/west\\\/themen\\\/wohnen\\\/#breadcrumb\",\"itemListElement\":[{\"@type\":\"ListItem\",\"position\":1,\"name\":\"Startseite\",\"item\":\"https:\\\/\\\/gruene-ov-stuttgart.de\\\/west\\\/\"},{\"@type\":\"ListItem\",\"position\":2,\"name\":\"Themen\",\"item\":\"https:\\\/\\\/gruene-ov-stuttgart.de\\\/west\\\/themen\\\/\"},{\"@type\":\"ListItem\",\"position\":3,\"name\":\"Wohnen im Westen\"}]},{\"@type\":\"WebSite\",\"@id\":\"https:\\\/\\\/gruene-ov-stuttgart.de\\\/west\\\/#website\",\"url\":\"https:\\\/\\\/gruene-ov-stuttgart.de\\\/west\\\/\",\"name\":\"Gr\u00fcne Stuttgart West\",\"description\":\"B\u00fcndnis 90\\\/DIE GR\u00dcNEN im Stuttgarter Westen\",\"potentialAction\":[{\"@type\":\"SearchAction\",\"target\":{\"@type\":\"EntryPoint\",\"urlTemplate\":\"https:\\\/\\\/gruene-ov-stuttgart.de\\\/west\\\/?s={search_term_string}\"},\"query-input\":{\"@type\":\"PropertyValueSpecification\",\"valueRequired\":true,\"valueName\":\"search_term_string\"}}],\"inLanguage\":\"de\"}]}<\/script>\n<!-- \/ Yoast SEO plugin. -->","yoast_head_json":{"title":"Wohnen im Westen - Gr\u00fcne Stuttgart West","description":"Jeder sollte die M\u00f6glichkeit haben, dort zu leben, wo Freunde, Schulen und Arbeitspl\u00e4tze sind. Es ist unsere gemeinsame Verantwortung, f\u00fcr eine gerechte und bezahlbare Wohnsituation zu sorgen.","robots":{"index":"index","follow":"follow","max-snippet":"max-snippet:-1","max-image-preview":"max-image-preview:large","max-video-preview":"max-video-preview:-1"},"canonical":"https:\/\/gruene-ov-stuttgart.de\/west\/themen\/wohnen\/","og_locale":"de_DE","og_type":"article","og_title":"Wohnen im Westen - Gr\u00fcne Stuttgart West","og_description":"Jeder sollte die M\u00f6glichkeit haben, dort zu leben, wo Freunde, Schulen und Arbeitspl\u00e4tze sind. Es ist unsere gemeinsame Verantwortung, f\u00fcr eine gerechte und bezahlbare Wohnsituation zu sorgen.","og_url":"https:\/\/gruene-ov-stuttgart.de\/west\/themen\/wohnen\/","og_site_name":"Gr\u00fcne Stuttgart West","article_modified_time":"2024-04-15T07:40:59+00:00","twitter_card":"summary_large_image","schema":{"@context":"https:\/\/schema.org","@graph":[{"@type":"WebPage","@id":"https:\/\/gruene-ov-stuttgart.de\/west\/themen\/wohnen\/","url":"https:\/\/gruene-ov-stuttgart.de\/west\/themen\/wohnen\/","name":"Wohnen im Westen - Gr\u00fcne Stuttgart West","isPartOf":{"@id":"https:\/\/gruene-ov-stuttgart.de\/west\/#website"},"datePublished":"2024-02-02T10:32:57+00:00","dateModified":"2024-04-15T07:40:59+00:00","description":"Jeder sollte die M\u00f6glichkeit haben, dort zu leben, wo Freunde, Schulen und Arbeitspl\u00e4tze sind. Es ist unsere gemeinsame Verantwortung, f\u00fcr eine gerechte und bezahlbare Wohnsituation zu sorgen.","breadcrumb":{"@id":"https:\/\/gruene-ov-stuttgart.de\/west\/themen\/wohnen\/#breadcrumb"},"inLanguage":"de","potentialAction":[{"@type":"ReadAction","target":["https:\/\/gruene-ov-stuttgart.de\/west\/themen\/wohnen\/"]}]},{"@type":"BreadcrumbList","@id":"https:\/\/gruene-ov-stuttgart.de\/west\/themen\/wohnen\/#breadcrumb","itemListElement":[{"@type":"ListItem","position":1,"name":"Startseite","item":"https:\/\/gruene-ov-stuttgart.de\/west\/"},{"@type":"ListItem","position":2,"name":"Themen","item":"https:\/\/gruene-ov-stuttgart.de\/west\/themen\/"},{"@type":"ListItem","position":3,"name":"Wohnen im Westen"}]},{"@type":"WebSite","@id":"https:\/\/gruene-ov-stuttgart.de\/west\/#website","url":"https:\/\/gruene-ov-stuttgart.de\/west\/","name":"Gr\u00fcne Stuttgart West","description":"B\u00fcndnis 90\/DIE GR\u00dcNEN im Stuttgarter Westen","potentialAction":[{"@type":"SearchAction","target":{"@type":"EntryPoint","urlTemplate":"https:\/\/gruene-ov-stuttgart.de\/west\/?s={search_term_string}"},"query-input":{"@type":"PropertyValueSpecification","valueRequired":true,"valueName":"search_term_string"}}],"inLanguage":"de"}]}},"_links":{"self":[{"href":"https:\/\/gruene-ov-stuttgart.de\/west\/wp-json\/wp\/v2\/pages\/1364","targetHints":{"allow":["GET"]}}],"collection":[{"href":"https:\/\/gruene-ov-stuttgart.de\/west\/wp-json\/wp\/v2\/pages"}],"about":[{"href":"https:\/\/gruene-ov-stuttgart.de\/west\/wp-json\/wp\/v2\/types\/page"}],"author":[{"embeddable":true,"href":"https:\/\/gruene-ov-stuttgart.de\/west\/wp-json\/wp\/v2\/users\/14"}],"replies":[{"embeddable":true,"href":"https:\/\/gruene-ov-stuttgart.de\/west\/wp-json\/wp\/v2\/comments?post=1364"}],"version-history":[{"count":5,"href":"https:\/\/gruene-ov-stuttgart.de\/west\/wp-json\/wp\/v2\/pages\/1364\/revisions"}],"predecessor-version":[{"id":1730,"href":"https:\/\/gruene-ov-stuttgart.de\/west\/wp-json\/wp\/v2\/pages\/1364\/revisions\/1730"}],"up":[{"embeddable":true,"href":"https:\/\/gruene-ov-stuttgart.de\/west\/wp-json\/wp\/v2\/pages\/1362"}],"wp:attachment":[{"href":"https:\/\/gruene-ov-stuttgart.de\/west\/wp-json\/wp\/v2\/media?parent=1364"}],"curies":[{"name":"wp","href":"https:\/\/api.w.org\/{rel}","templated":true}]}}