{"id":1366,"date":"2024-02-02T11:33:24","date_gmt":"2024-02-02T10:33:24","guid":{"rendered":"https:\/\/gruene-ov-stuttgart.de\/west\/?page_id=1366"},"modified":"2024-04-15T09:42:34","modified_gmt":"2024-04-15T07:42:34","slug":"mobilitaet","status":"publish","type":"page","link":"https:\/\/gruene-ov-stuttgart.de\/west\/themen\/mobilitaet\/","title":{"rendered":"Mobilit\u00e4t"},"content":{"rendered":"\n<p>Stuttgart West ist f\u00fcr eine gelungene Verkehrswende gut vorbereitet: Hier stehen verschiedenste Mobilit\u00e4tsangebote auf engstem Raum zur Verf\u00fcgung. Viele Orte lassen sich gut zu Fu\u00df oder mit dem Rad erreichen, es gibt die Stammstrecke der S-Bahn, mehrere Stadtbahn- und Buslinien und zahlreiche Sharing-Angebote. Auf das eigene Auto sind hier zum Gl\u00fcck die wenigsten angewiesen. Wir wollen uns daf\u00fcr einsetzen, dass man im Westen noch besser zu Fu\u00df und mit dem Rad unterwegs sein kann. Denn das sind die sozial gerechtesten und ges\u00fcndesten Arten der Fortbewegung. Daf\u00fcr braucht es nicht zuletzt auch mehr Platz. Sharing-Angebote wollen wir in geregelte Bahnen lenken und weiter ausbauen.<\/p>\n\n\n\n<p>Haben Sie Fragen oder Anregungen zum Thema? Schreiben Sie uns gern \u00fcber unser <a href=\"https:\/\/gruene-ov-stuttgart.de\/west\/kontakt\/\">Kontaktformular<\/a>.<\/p>\n","protected":false},"excerpt":{"rendered":"<p>Stuttgart West ist f\u00fcr eine gelungene Verkehrswende gut vorbereitet: Hier stehen verschiedenste Mobilit\u00e4tsangebote auf engstem Raum zur Verf\u00fcgung. Viele Orte lassen sich gut zu Fu\u00df oder mit dem Rad erreichen, [&hellip;]<\/p>\n","protected":false},"author":14,"featured_media":0,"parent":1362,"menu_order":0,"comment_status":"closed","ping_status":"closed","template":"","meta":{"footnotes":"","beyondwords_generate_audio":"","beyondwords_integration_method":"","beyondwords_project_id":"","beyondwords_content_id":"","beyondwords_preview_token":"","beyondwords_player_content":"","beyondwords_player_style":"","beyondwords_language_code":"","beyondwords_language_id":"","beyondwords_title_voice_id":"","beyondwords_body_voice_id":"","beyondwords_summary_voice_id":"","beyondwords_error_message":"","beyondwords_disabled":"","beyondwords_delete_content":"","beyondwords_podcast_id":"","beyondwords_hash":"","publish_post_to_speechkit":"","speechkit_hash":"","speechkit_generate_audio":"","speechkit_project_id":"","speechkit_podcast_id":"","speechkit_error_message":"","speechkit_disabled":"","speechkit_access_key":"","speechkit_error":"","speechkit_info":"","speechkit_response":"","speechkit_retries":"","speechkit_status":"","speechkit_updated_at":"","_speechkit_link":"","_speechkit_text":""},"class_list":["post-1366","page","type-page","status-publish","hentry"],"yoast_head":"<!-- This site is optimized with the Yoast SEO plugin v27.5 - https:\/\/yoast.com\/product\/yoast-seo-wordpress\/ -->\n<title>Mobilit\u00e4t - Gr\u00fcne Stuttgart West<\/title>\n<meta name=\"robots\" content=\"index, follow, max-snippet:-1, max-image-preview:large, max-video-preview:-1\" \/>\n<link rel=\"canonical\" href=\"https:\/\/gruene-ov-stuttgart.de\/west\/themen\/mobilitaet\/\" \/>\n<meta property=\"og:locale\" content=\"de_DE\" \/>\n<meta property=\"og:type\" content=\"article\" \/>\n<meta property=\"og:title\" content=\"Mobilit\u00e4t - Gr\u00fcne Stuttgart West\" \/>\n<meta property=\"og:description\" content=\"Stuttgart West ist f\u00fcr eine gelungene Verkehrswende gut vorbereitet: Hier stehen verschiedenste Mobilit\u00e4tsangebote auf engstem Raum zur Verf\u00fcgung. Viele Orte lassen sich gut zu Fu\u00df oder mit dem Rad erreichen, [&hellip;]\" \/>\n<meta property=\"og:url\" content=\"https:\/\/gruene-ov-stuttgart.de\/west\/themen\/mobilitaet\/\" \/>\n<meta property=\"og:site_name\" content=\"Gr\u00fcne Stuttgart West\" \/>\n<meta property=\"article:modified_time\" content=\"2024-04-15T07:42:34+00:00\" \/>\n<meta name=\"twitter:card\" content=\"summary_large_image\" \/>\n<script type=\"application\/ld+json\" class=\"yoast-schema-graph\">{\"@context\":\"https:\\\/\\\/schema.org\",\"@graph\":[{\"@type\":\"WebPage\",\"@id\":\"https:\\\/\\\/gruene-ov-stuttgart.de\\\/west\\\/themen\\\/mobilitaet\\\/\",\"url\":\"https:\\\/\\\/gruene-ov-stuttgart.de\\\/west\\\/themen\\\/mobilitaet\\\/\",\"name\":\"Mobilit\u00e4t - Gr\u00fcne Stuttgart West\",\"isPartOf\":{\"@id\":\"https:\\\/\\\/gruene-ov-stuttgart.de\\\/west\\\/#website\"},\"datePublished\":\"2024-02-02T10:33:24+00:00\",\"dateModified\":\"2024-04-15T07:42:34+00:00\",\"breadcrumb\":{\"@id\":\"https:\\\/\\\/gruene-ov-stuttgart.de\\\/west\\\/themen\\\/mobilitaet\\\/#breadcrumb\"},\"inLanguage\":\"de\",\"potentialAction\":[{\"@type\":\"ReadAction\",\"target\":[\"https:\\\/\\\/gruene-ov-stuttgart.de\\\/west\\\/themen\\\/mobilitaet\\\/\"]}]},{\"@type\":\"BreadcrumbList\",\"@id\":\"https:\\\/\\\/gruene-ov-stuttgart.de\\\/west\\\/themen\\\/mobilitaet\\\/#breadcrumb\",\"itemListElement\":[{\"@type\":\"ListItem\",\"position\":1,\"name\":\"Startseite\",\"item\":\"https:\\\/\\\/gruene-ov-stuttgart.de\\\/west\\\/\"},{\"@type\":\"ListItem\",\"position\":2,\"name\":\"Themen\",\"item\":\"https:\\\/\\\/gruene-ov-stuttgart.de\\\/west\\\/themen\\\/\"},{\"@type\":\"ListItem\",\"position\":3,\"name\":\"Mobilit\u00e4t\"}]},{\"@type\":\"WebSite\",\"@id\":\"https:\\\/\\\/gruene-ov-stuttgart.de\\\/west\\\/#website\",\"url\":\"https:\\\/\\\/gruene-ov-stuttgart.de\\\/west\\\/\",\"name\":\"Gr\u00fcne Stuttgart West\",\"description\":\"B\u00fcndnis 90\\\/DIE GR\u00dcNEN im Stuttgarter Westen\",\"potentialAction\":[{\"@type\":\"SearchAction\",\"target\":{\"@type\":\"EntryPoint\",\"urlTemplate\":\"https:\\\/\\\/gruene-ov-stuttgart.de\\\/west\\\/?s={search_term_string}\"},\"query-input\":{\"@type\":\"PropertyValueSpecification\",\"valueRequired\":true,\"valueName\":\"search_term_string\"}}],\"inLanguage\":\"de\"}]}<\/script>\n<!-- \/ Yoast SEO plugin. -->","yoast_head_json":{"title":"Mobilit\u00e4t - Gr\u00fcne Stuttgart West","robots":{"index":"index","follow":"follow","max-snippet":"max-snippet:-1","max-image-preview":"max-image-preview:large","max-video-preview":"max-video-preview:-1"},"canonical":"https:\/\/gruene-ov-stuttgart.de\/west\/themen\/mobilitaet\/","og_locale":"de_DE","og_type":"article","og_title":"Mobilit\u00e4t - Gr\u00fcne Stuttgart West","og_description":"Stuttgart West ist f\u00fcr eine gelungene Verkehrswende gut vorbereitet: Hier stehen verschiedenste Mobilit\u00e4tsangebote auf engstem Raum zur Verf\u00fcgung. Viele Orte lassen sich gut zu Fu\u00df oder mit dem Rad erreichen, [&hellip;]","og_url":"https:\/\/gruene-ov-stuttgart.de\/west\/themen\/mobilitaet\/","og_site_name":"Gr\u00fcne Stuttgart West","article_modified_time":"2024-04-15T07:42:34+00:00","twitter_card":"summary_large_image","schema":{"@context":"https:\/\/schema.org","@graph":[{"@type":"WebPage","@id":"https:\/\/gruene-ov-stuttgart.de\/west\/themen\/mobilitaet\/","url":"https:\/\/gruene-ov-stuttgart.de\/west\/themen\/mobilitaet\/","name":"Mobilit\u00e4t - Gr\u00fcne Stuttgart West","isPartOf":{"@id":"https:\/\/gruene-ov-stuttgart.de\/west\/#website"},"datePublished":"2024-02-02T10:33:24+00:00","dateModified":"2024-04-15T07:42:34+00:00","breadcrumb":{"@id":"https:\/\/gruene-ov-stuttgart.de\/west\/themen\/mobilitaet\/#breadcrumb"},"inLanguage":"de","potentialAction":[{"@type":"ReadAction","target":["https:\/\/gruene-ov-stuttgart.de\/west\/themen\/mobilitaet\/"]}]},{"@type":"BreadcrumbList","@id":"https:\/\/gruene-ov-stuttgart.de\/west\/themen\/mobilitaet\/#breadcrumb","itemListElement":[{"@type":"ListItem","position":1,"name":"Startseite","item":"https:\/\/gruene-ov-stuttgart.de\/west\/"},{"@type":"ListItem","position":2,"name":"Themen","item":"https:\/\/gruene-ov-stuttgart.de\/west\/themen\/"},{"@type":"ListItem","position":3,"name":"Mobilit\u00e4t"}]},{"@type":"WebSite","@id":"https:\/\/gruene-ov-stuttgart.de\/west\/#website","url":"https:\/\/gruene-ov-stuttgart.de\/west\/","name":"Gr\u00fcne Stuttgart West","description":"B\u00fcndnis 90\/DIE GR\u00dcNEN im Stuttgarter Westen","potentialAction":[{"@type":"SearchAction","target":{"@type":"EntryPoint","urlTemplate":"https:\/\/gruene-ov-stuttgart.de\/west\/?s={search_term_string}"},"query-input":{"@type":"PropertyValueSpecification","valueRequired":true,"valueName":"search_term_string"}}],"inLanguage":"de"}]}},"_links":{"self":[{"href":"https:\/\/gruene-ov-stuttgart.de\/west\/wp-json\/wp\/v2\/pages\/1366","targetHints":{"allow":["GET"]}}],"collection":[{"href":"https:\/\/gruene-ov-stuttgart.de\/west\/wp-json\/wp\/v2\/pages"}],"about":[{"href":"https:\/\/gruene-ov-stuttgart.de\/west\/wp-json\/wp\/v2\/types\/page"}],"author":[{"embeddable":true,"href":"https:\/\/gruene-ov-stuttgart.de\/west\/wp-json\/wp\/v2\/users\/14"}],"replies":[{"embeddable":true,"href":"https:\/\/gruene-ov-stuttgart.de\/west\/wp-json\/wp\/v2\/comments?post=1366"}],"version-history":[{"count":3,"href":"https:\/\/gruene-ov-stuttgart.de\/west\/wp-json\/wp\/v2\/pages\/1366\/revisions"}],"predecessor-version":[{"id":1731,"href":"https:\/\/gruene-ov-stuttgart.de\/west\/wp-json\/wp\/v2\/pages\/1366\/revisions\/1731"}],"up":[{"embeddable":true,"href":"https:\/\/gruene-ov-stuttgart.de\/west\/wp-json\/wp\/v2\/pages\/1362"}],"wp:attachment":[{"href":"https:\/\/gruene-ov-stuttgart.de\/west\/wp-json\/wp\/v2\/media?parent=1366"}],"curies":[{"name":"wp","href":"https:\/\/api.w.org\/{rel}","templated":true}]}}