{"id":1378,"date":"2024-02-02T11:40:51","date_gmt":"2024-02-02T10:40:51","guid":{"rendered":"https:\/\/gruene-ov-stuttgart.de\/west\/?page_id=1378"},"modified":"2024-06-07T11:56:25","modified_gmt":"2024-06-07T09:56:25","slug":"diakonissenplatz","status":"publish","type":"page","link":"https:\/\/gruene-ov-stuttgart.de\/west\/gruen-wirkt\/diakonissenplatz\/","title":{"rendered":"Diakonissenplatz: Wenn auf&#8217;m Bunker Spiel Platz findet"},"content":{"rendered":"\n<p><\/p>\n\n\n\n<p>Hurra- endlich ist er fertig, der Diakonissenplatz! Mit einer Fl\u00e4che von 6000 Quadratmetern, Tischtennisplatten, einer tollen Kletter- und Sandellandschaft, einer praktischen <a href=\"https:\/\/www.stuttgart-bewegt-sich.de\/bewegungsraum\/sportbox\" target=\"_blank\" rel=\"noreferrer noopener\">Sportbox<\/a> mit Spielutensilien, Slacklinepfosten, sch\u00f6nen Pl\u00e4tzen zum Verweilen ein wahrhaft ansprechender Platz f\u00fcr alle. Zudem bildet er eine weitere gr\u00fcne Oase mit seiner stadtklimafesten Bepflanzung. <br><br>Nachdem die \u00e4lteste Jugendverkehrsschule der Bundesrepublik an den Hinteren Vogelsang gezogen ist, wurde der Weg frei, den Diakonissenplatz zu einem Park f\u00fcr Alle umzugestalten. Nach einer sehr intensiven B\u00fcrgerbeteiligungsphase wurden mehrere Landschaftsarchitekten eingeladen, Entw\u00fcrfe einzureichen, um den Platz neu zu ordnen.<\/p>\n\n\n\n<p>Nach vielen Verz\u00f6gerungen und begleitet von Bezirksbeirat und Bewohner*innen ist der Park seit Ende 2023 in Benutzung \u2013 offiziell er\u00f6ffnet wurde er im Mai 2024.<\/p>\n\n\n\n<p>Es fehlt noch einiges, was in der Planung vorgesehen war. Aber auch das wird auf intensives Nachfragen der Nutzer*innen und des Bezirksbeirates nach und nach umgesetzt.&nbsp;<\/p>\n\n\n\n<p>Mehr Informationen zum Diakonissenplatz im Wandel der Zeit, zum B\u00fcrgerbeteiligungsverfahren und zur Projektumsetzung sind bei <a href=\"https:\/\/www.stuttgart-meine-stadt.de\/stadtentwicklung\/diakonissenplatz\/\">Stuttgart- Meine Stadt: Diakonissenplatz<\/a> zu finden.<\/p>\n\n\n\n<p><\/p>\n","protected":false},"excerpt":{"rendered":"<p>Hurra- endlich ist er fertig, der Diakonissenplatz! Mit einer Fl\u00e4che von 6000 Quadratmetern, Tischtennisplatten, einer tollen Kletter- und Sandellandschaft, einer praktischen Sportbox mit Spielutensilien, Slacklinepfosten, sch\u00f6nen Pl\u00e4tzen zum Verweilen ein [&hellip;]<\/p>\n","protected":false},"author":14,"featured_media":1648,"parent":1242,"menu_order":0,"comment_status":"closed","ping_status":"closed","template":"","meta":{"footnotes":"","beyondwords_generate_audio":"1","beyondwords_integration_method":"","beyondwords_project_id":"43673","beyondwords_content_id":"9573c973-e4ac-4ebc-85ed-c97d38ea5b19","beyondwords_preview_token":"ede4342f-cebb-44ff-966a-45704463da2e","beyondwords_player_content":"","beyondwords_player_style":"small","beyondwords_language_code":"de_DE","beyondwords_language_id":"44","beyondwords_title_voice_id":"2138","beyondwords_body_voice_id":"2138","beyondwords_summary_voice_id":"2138","beyondwords_error_message":"","beyondwords_disabled":"","beyondwords_delete_content":"","beyondwords_podcast_id":"9573c973-e4ac-4ebc-85ed-c97d38ea5b19","beyondwords_hash":"","publish_post_to_speechkit":"","speechkit_hash":"","speechkit_generate_audio":"","speechkit_project_id":"","speechkit_podcast_id":"","speechkit_error_message":"","speechkit_disabled":"","speechkit_access_key":"","speechkit_error":"","speechkit_info":"","speechkit_response":"","speechkit_retries":"","speechkit_status":"","speechkit_updated_at":"","_speechkit_link":"","_speechkit_text":""},"class_list":["post-1378","page","type-page","status-publish","has-post-thumbnail","hentry"],"yoast_head":"<!-- This site is optimized with the Yoast SEO plugin v27.5 - https:\/\/yoast.com\/product\/yoast-seo-wordpress\/ -->\n<title>Diakonissenplatz: Wenn auf&#039;m Bunker Spiel Platz findet - Gr\u00fcne Stuttgart West<\/title>\n<meta name=\"robots\" content=\"index, follow, max-snippet:-1, max-image-preview:large, max-video-preview:-1\" \/>\n<link rel=\"canonical\" href=\"https:\/\/gruene-ov-stuttgart.de\/west\/gruen-wirkt\/diakonissenplatz\/\" \/>\n<meta property=\"og:locale\" content=\"de_DE\" \/>\n<meta property=\"og:type\" content=\"article\" \/>\n<meta property=\"og:title\" content=\"Diakonissenplatz: Wenn auf&#039;m Bunker Spiel Platz findet - Gr\u00fcne Stuttgart West\" \/>\n<meta property=\"og:description\" content=\"Hurra- endlich ist er fertig, der Diakonissenplatz! Mit einer Fl\u00e4che von 6000 Quadratmetern, Tischtennisplatten, einer tollen Kletter- und Sandellandschaft, einer praktischen Sportbox mit Spielutensilien, Slacklinepfosten, sch\u00f6nen Pl\u00e4tzen zum Verweilen ein [&hellip;]\" \/>\n<meta property=\"og:url\" content=\"https:\/\/gruene-ov-stuttgart.de\/west\/gruen-wirkt\/diakonissenplatz\/\" \/>\n<meta property=\"og:site_name\" content=\"Gr\u00fcne Stuttgart West\" \/>\n<meta property=\"article:modified_time\" content=\"2024-06-07T09:56:25+00:00\" \/>\n<meta property=\"og:image\" content=\"https:\/\/gruene-ov-stuttgart.de\/west\/wp-content\/uploads\/2024\/04\/Diak2-scaled.jpg\" \/>\n\t<meta property=\"og:image:width\" content=\"2560\" \/>\n\t<meta property=\"og:image:height\" content=\"1440\" \/>\n\t<meta property=\"og:image:type\" content=\"image\/jpeg\" \/>\n<meta name=\"twitter:card\" content=\"summary_large_image\" \/>\n<script type=\"application\/ld+json\" class=\"yoast-schema-graph\">{\"@context\":\"https:\\\/\\\/schema.org\",\"@graph\":[{\"@type\":\"WebPage\",\"@id\":\"https:\\\/\\\/gruene-ov-stuttgart.de\\\/west\\\/gruen-wirkt\\\/diakonissenplatz\\\/\",\"url\":\"https:\\\/\\\/gruene-ov-stuttgart.de\\\/west\\\/gruen-wirkt\\\/diakonissenplatz\\\/\",\"name\":\"Diakonissenplatz: Wenn auf'm Bunker Spiel Platz findet - Gr\u00fcne Stuttgart West\",\"isPartOf\":{\"@id\":\"https:\\\/\\\/gruene-ov-stuttgart.de\\\/west\\\/#website\"},\"primaryImageOfPage\":{\"@id\":\"https:\\\/\\\/gruene-ov-stuttgart.de\\\/west\\\/gruen-wirkt\\\/diakonissenplatz\\\/#primaryimage\"},\"image\":{\"@id\":\"https:\\\/\\\/gruene-ov-stuttgart.de\\\/west\\\/gruen-wirkt\\\/diakonissenplatz\\\/#primaryimage\"},\"thumbnailUrl\":\"https:\\\/\\\/gruene-ov-stuttgart.de\\\/west\\\/wp-content\\\/uploads\\\/2024\\\/04\\\/Diak2-scaled.jpg\",\"datePublished\":\"2024-02-02T10:40:51+00:00\",\"dateModified\":\"2024-06-07T09:56:25+00:00\",\"breadcrumb\":{\"@id\":\"https:\\\/\\\/gruene-ov-stuttgart.de\\\/west\\\/gruen-wirkt\\\/diakonissenplatz\\\/#breadcrumb\"},\"inLanguage\":\"de\",\"potentialAction\":[{\"@type\":\"ReadAction\",\"target\":[\"https:\\\/\\\/gruene-ov-stuttgart.de\\\/west\\\/gruen-wirkt\\\/diakonissenplatz\\\/\"]}]},{\"@type\":\"ImageObject\",\"inLanguage\":\"de\",\"@id\":\"https:\\\/\\\/gruene-ov-stuttgart.de\\\/west\\\/gruen-wirkt\\\/diakonissenplatz\\\/#primaryimage\",\"url\":\"https:\\\/\\\/gruene-ov-stuttgart.de\\\/west\\\/wp-content\\\/uploads\\\/2024\\\/04\\\/Diak2-scaled.jpg\",\"contentUrl\":\"https:\\\/\\\/gruene-ov-stuttgart.de\\\/west\\\/wp-content\\\/uploads\\\/2024\\\/04\\\/Diak2-scaled.jpg\",\"width\":2560,\"height\":1440},{\"@type\":\"BreadcrumbList\",\"@id\":\"https:\\\/\\\/gruene-ov-stuttgart.de\\\/west\\\/gruen-wirkt\\\/diakonissenplatz\\\/#breadcrumb\",\"itemListElement\":[{\"@type\":\"ListItem\",\"position\":1,\"name\":\"Startseite\",\"item\":\"https:\\\/\\\/gruene-ov-stuttgart.de\\\/west\\\/\"},{\"@type\":\"ListItem\",\"position\":2,\"name\":\"Im Westen viel Neues.\",\"item\":\"https:\\\/\\\/gruene-ov-stuttgart.de\\\/west\\\/gruen-wirkt\\\/\"},{\"@type\":\"ListItem\",\"position\":3,\"name\":\"Diakonissenplatz: Wenn auf&#8217;m Bunker Spiel Platz findet\"}]},{\"@type\":\"WebSite\",\"@id\":\"https:\\\/\\\/gruene-ov-stuttgart.de\\\/west\\\/#website\",\"url\":\"https:\\\/\\\/gruene-ov-stuttgart.de\\\/west\\\/\",\"name\":\"Gr\u00fcne Stuttgart West\",\"description\":\"B\u00fcndnis 90\\\/DIE GR\u00dcNEN im Stuttgarter Westen\",\"potentialAction\":[{\"@type\":\"SearchAction\",\"target\":{\"@type\":\"EntryPoint\",\"urlTemplate\":\"https:\\\/\\\/gruene-ov-stuttgart.de\\\/west\\\/?s={search_term_string}\"},\"query-input\":{\"@type\":\"PropertyValueSpecification\",\"valueRequired\":true,\"valueName\":\"search_term_string\"}}],\"inLanguage\":\"de\"}]}<\/script>\n<!-- \/ Yoast SEO plugin. -->","yoast_head_json":{"title":"Diakonissenplatz: Wenn auf'm Bunker Spiel Platz findet - Gr\u00fcne Stuttgart West","robots":{"index":"index","follow":"follow","max-snippet":"max-snippet:-1","max-image-preview":"max-image-preview:large","max-video-preview":"max-video-preview:-1"},"canonical":"https:\/\/gruene-ov-stuttgart.de\/west\/gruen-wirkt\/diakonissenplatz\/","og_locale":"de_DE","og_type":"article","og_title":"Diakonissenplatz: Wenn auf'm Bunker Spiel Platz findet - Gr\u00fcne Stuttgart West","og_description":"Hurra- endlich ist er fertig, der Diakonissenplatz! Mit einer Fl\u00e4che von 6000 Quadratmetern, Tischtennisplatten, einer tollen Kletter- und Sandellandschaft, einer praktischen Sportbox mit Spielutensilien, Slacklinepfosten, sch\u00f6nen Pl\u00e4tzen zum Verweilen ein [&hellip;]","og_url":"https:\/\/gruene-ov-stuttgart.de\/west\/gruen-wirkt\/diakonissenplatz\/","og_site_name":"Gr\u00fcne Stuttgart West","article_modified_time":"2024-06-07T09:56:25+00:00","og_image":[{"width":2560,"height":1440,"url":"https:\/\/gruene-ov-stuttgart.de\/west\/wp-content\/uploads\/2024\/04\/Diak2-scaled.jpg","type":"image\/jpeg"}],"twitter_card":"summary_large_image","schema":{"@context":"https:\/\/schema.org","@graph":[{"@type":"WebPage","@id":"https:\/\/gruene-ov-stuttgart.de\/west\/gruen-wirkt\/diakonissenplatz\/","url":"https:\/\/gruene-ov-stuttgart.de\/west\/gruen-wirkt\/diakonissenplatz\/","name":"Diakonissenplatz: Wenn auf'm Bunker Spiel Platz findet - Gr\u00fcne Stuttgart West","isPartOf":{"@id":"https:\/\/gruene-ov-stuttgart.de\/west\/#website"},"primaryImageOfPage":{"@id":"https:\/\/gruene-ov-stuttgart.de\/west\/gruen-wirkt\/diakonissenplatz\/#primaryimage"},"image":{"@id":"https:\/\/gruene-ov-stuttgart.de\/west\/gruen-wirkt\/diakonissenplatz\/#primaryimage"},"thumbnailUrl":"https:\/\/gruene-ov-stuttgart.de\/west\/wp-content\/uploads\/2024\/04\/Diak2-scaled.jpg","datePublished":"2024-02-02T10:40:51+00:00","dateModified":"2024-06-07T09:56:25+00:00","breadcrumb":{"@id":"https:\/\/gruene-ov-stuttgart.de\/west\/gruen-wirkt\/diakonissenplatz\/#breadcrumb"},"inLanguage":"de","potentialAction":[{"@type":"ReadAction","target":["https:\/\/gruene-ov-stuttgart.de\/west\/gruen-wirkt\/diakonissenplatz\/"]}]},{"@type":"ImageObject","inLanguage":"de","@id":"https:\/\/gruene-ov-stuttgart.de\/west\/gruen-wirkt\/diakonissenplatz\/#primaryimage","url":"https:\/\/gruene-ov-stuttgart.de\/west\/wp-content\/uploads\/2024\/04\/Diak2-scaled.jpg","contentUrl":"https:\/\/gruene-ov-stuttgart.de\/west\/wp-content\/uploads\/2024\/04\/Diak2-scaled.jpg","width":2560,"height":1440},{"@type":"BreadcrumbList","@id":"https:\/\/gruene-ov-stuttgart.de\/west\/gruen-wirkt\/diakonissenplatz\/#breadcrumb","itemListElement":[{"@type":"ListItem","position":1,"name":"Startseite","item":"https:\/\/gruene-ov-stuttgart.de\/west\/"},{"@type":"ListItem","position":2,"name":"Im Westen viel Neues.","item":"https:\/\/gruene-ov-stuttgart.de\/west\/gruen-wirkt\/"},{"@type":"ListItem","position":3,"name":"Diakonissenplatz: Wenn auf&#8217;m Bunker Spiel Platz findet"}]},{"@type":"WebSite","@id":"https:\/\/gruene-ov-stuttgart.de\/west\/#website","url":"https:\/\/gruene-ov-stuttgart.de\/west\/","name":"Gr\u00fcne Stuttgart West","description":"B\u00fcndnis 90\/DIE GR\u00dcNEN im Stuttgarter Westen","potentialAction":[{"@type":"SearchAction","target":{"@type":"EntryPoint","urlTemplate":"https:\/\/gruene-ov-stuttgart.de\/west\/?s={search_term_string}"},"query-input":{"@type":"PropertyValueSpecification","valueRequired":true,"valueName":"search_term_string"}}],"inLanguage":"de"}]}},"_links":{"self":[{"href":"https:\/\/gruene-ov-stuttgart.de\/west\/wp-json\/wp\/v2\/pages\/1378","targetHints":{"allow":["GET"]}}],"collection":[{"href":"https:\/\/gruene-ov-stuttgart.de\/west\/wp-json\/wp\/v2\/pages"}],"about":[{"href":"https:\/\/gruene-ov-stuttgart.de\/west\/wp-json\/wp\/v2\/types\/page"}],"author":[{"embeddable":true,"href":"https:\/\/gruene-ov-stuttgart.de\/west\/wp-json\/wp\/v2\/users\/14"}],"replies":[{"embeddable":true,"href":"https:\/\/gruene-ov-stuttgart.de\/west\/wp-json\/wp\/v2\/comments?post=1378"}],"version-history":[{"count":24,"href":"https:\/\/gruene-ov-stuttgart.de\/west\/wp-json\/wp\/v2\/pages\/1378\/revisions"}],"predecessor-version":[{"id":1872,"href":"https:\/\/gruene-ov-stuttgart.de\/west\/wp-json\/wp\/v2\/pages\/1378\/revisions\/1872"}],"up":[{"embeddable":true,"href":"https:\/\/gruene-ov-stuttgart.de\/west\/wp-json\/wp\/v2\/pages\/1242"}],"wp:featuredmedia":[{"embeddable":true,"href":"https:\/\/gruene-ov-stuttgart.de\/west\/wp-json\/wp\/v2\/media\/1648"}],"wp:attachment":[{"href":"https:\/\/gruene-ov-stuttgart.de\/west\/wp-json\/wp\/v2\/media?parent=1378"}],"curies":[{"name":"wp","href":"https:\/\/api.w.org\/{rel}","templated":true}]}}