{"id":25,"date":"2017-01-28T15:56:08","date_gmt":"2017-01-28T14:56:08","guid":{"rendered":"http:\/\/gruene-ov-stuttgart.de\/west\/?page_id=25"},"modified":"2025-03-01T12:51:03","modified_gmt":"2025-03-01T11:51:03","slug":"antraege","status":"publish","type":"page","link":"https:\/\/gruene-ov-stuttgart.de\/west\/antraege\/","title":{"rendered":"Antr\u00e4ge der gr\u00fcnen Fraktion im Bezirksbeirat West"},"content":{"rendered":"\n<p>Die Bezirksbeir\u00e4te in Stuttgart spielen eine wichtige Rolle in der Kommunalpolitik. Sie beraten \u00fcber alle Entscheidungen, die der Gemeinderat f\u00fcr einen bestimmten Bezirk treffen soll und sprechen Empfehlungen aus. <strong>Antr\u00e4ge<\/strong> geh\u00f6ren zu den wichtigsten Instrumenten f\u00fcr den Bezirksbeirat: Hier\u00fcber kann die Stadtverwaltung zu Ma\u00dfnahmen oder dazu aufgefordert werden, Informationen zu bestimmten Themen offenzulegen.<\/p>\n\n\n\n<figure class=\"wp-block-image is-resized\"><img loading=\"lazy\" decoding=\"async\" width=\"1024\" height=\"633\" src=\"https:\/\/gruene-ov-stuttgart.de\/west\/wp-content\/uploads\/2024\/04\/image.webp\" alt=\"\" class=\"wp-image-1790\" style=\"width:860px;height:auto\" srcset=\"https:\/\/gruene-ov-stuttgart.de\/west\/wp-content\/uploads\/2024\/04\/image.webp 1024w, https:\/\/gruene-ov-stuttgart.de\/west\/wp-content\/uploads\/2024\/04\/image-400x247.webp 400w, https:\/\/gruene-ov-stuttgart.de\/west\/wp-content\/uploads\/2024\/04\/image-800x495.webp 800w, https:\/\/gruene-ov-stuttgart.de\/west\/wp-content\/uploads\/2024\/04\/image-768x475.webp 768w\" sizes=\"auto, (max-width: 1024px) 100vw, 1024px\" \/><\/figure>\n\n\n\n<div style=\"height:54px\" aria-hidden=\"true\" class=\"wp-block-spacer\"><\/div>\n\n\n\n<h2 class=\"wp-block-heading\">Antr\u00e4ge 2025<\/h2>\n\n\n\n<h3 class=\"wp-block-heading\">F\u00fcr eine effektive Verkehrsberuhigung in der Gau\u00dfstra\u00dfe jetzt.<\/h3>\n\n\n\n<p><em>25. Februar 2025<\/em> &#8211; Der Verkehr in der Gau\u00dfstra\u00dfe nimmt seit mehr als zehn Jahren stetig zu. Die schmale Anwohnerstra\u00dfe wird oft als vermeintliche Abk\u00fcrzung in die Stadt genutzt. Zahllose Blechsch\u00e4den, abgefahrene Seitenspiegel und \u00fcberfahrene Haustiere mussten die Anwohnerinnen und Anwohner bereits erdulden. Diese setzten sich nun jedoch zur Wehr und gr\u00fcndeten eine neue B\u00fcrgerinitiative um ihre Forderung nach einer effektiven Verkehrsberuhigung in der Gau\u00dfstra\u00dfe zu stellen. In <a href=\"https:\/\/gruene-ov-stuttgart.de\/west\/wp-content\/uploads\/2025\/03\/Antrag_Gaussstrasse.pdf\">unserem Antrag<\/a> fordern wir geeignete bauliche Ma\u00dfnahmen zu ergreifen um den Verkehr effektiv zu beruhigen.<\/p>\n\n\n\n<h3 class=\"wp-block-heading\">Altkleidersammlung auf neue Anforderungen vorbereiten<\/h3>\n\n\n\n<p><em>25. Februar 2025<\/em> &#8211; Regelm\u00e4\u00dfig \u00fcberf\u00fcllte Altkleidercontainer verhindern eine effektives Recycling von Alttextilien und wirken sich negativ auf das Stadtbild aus. In <a href=\"https:\/\/gruene-ov-stuttgart.de\/west\/wp-content\/uploads\/2025\/03\/TOP-5-Antrag_Anforderungen_Altkleidersammlung.pdf\">unserem Antrag<\/a> fragen wir die Stadtverwaltung, welche organisatorischen Ma\u00dfnahmen ergriffen werden k\u00f6nnen, um diese Situation zu verbessern.<\/p>\n\n\n\n<h2 class=\"wp-block-heading has-text-align-left\">Antr\u00e4ge 2024<\/h2>\n\n\n\n<h3 class=\"wp-block-heading\">Warum warten bis etwas passiert? Erste Schulstra\u00dfe in Stuttgart jetzt!<\/h3>\n\n\n\n<p><em>17. Dezember 2024<\/em> &#8211; Schulstra\u00dfen sind sehr stark verkehrsberuhigte Stra\u00dfen oder Stra\u00dfenabschnitte in unmittelbarer Umgebung einer Schule, f\u00fcr die es aktuell noch keine rechtliche Grundlage in der StVO gibt. Wir fordern die Stadtverwaltung auf, nicht erst zu warten bis diese Grundlage geschaffen wurde. Wir wollen, dass die Stadt Stuttgart schon jetzt mit gutem Beispiel voran geht und aktiv Schulstra\u00dfen im Stadtgebiet errichtet.<\/p>\n\n\n\n<p>In <a href=\"https:\/\/gruene-ov-stuttgart.de\/west\/wp-content\/uploads\/2024\/12\/TOP-5-Antrag-B90-Sichere_Schulwege.pdf\">unserem Antrag<\/a> fordern die Einrichtung der ersten Schulstra\u00dfe in Stuttgart.<\/p>\n\n\n\n<h3 class=\"wp-block-heading\">Trinkbrunnen und Toiletten auf dem Diakonissenplatz \u2013 wie geht es hier weiter?<\/h3>\n\n\n\n<p><em>27. Juni 2024<\/em> &#8211; Der neue Diakonissenplatz als \u201ePark f\u00fcr Alle\u201c wird schon seit einigen Monaten von B\u00fcrger*innen unterschiedlichen Alters gerne und sehr intensiv genutzt. Trotzdem gibt es nat\u00fcrlich Verbesserungsbedarfe. Die Kritikpunkte und W\u00fcnsche, die in den vergangenen Monaten an den Bezirksbeirat herangetragen wurden, haben wir bei der offiziellen Er\u00f6ffnung am 13. Mai 2024 an B\u00fcrgermeister Th\u00fcrnau \u00fcbergeben.<\/p>\n\n\n\n<p>In unserem <a href=\"https:\/\/gruene-ov-stuttgart.de\/west\/wp-content\/uploads\/2024\/12\/2024_06_27TrinkbrunnenToilettenDiakonissenplatz.pdf\">interfraktionellen Antrag<\/a> erfragen wir den Stand der Trinkbrunnenanlage und wie eine barrierfreie Toilettenanlage eingerichtet werden kann.<\/p>\n\n\n\n<h3 class=\"wp-block-heading\">Haltestellenausstattung darf nicht von Werbeeinnahmen abh\u00e4ngig sein<\/h3>\n\n\n\n<p><em>19. M\u00e4rz 2024<\/em> &#8211; Ein gut ausgebauter \u00f6ffentlicher Nahverkehr ist einer der St\u00fctzpfeiler f\u00fcr eine erfolgreiche Umsetzung der Verkehrswende im Stuttgarter Stadtgebiet. Hierzu geh\u00f6ren nicht nur saubere und p\u00fcnktliche Busse und Stadtbahnen, sondern auch sicher, attraktiv und bedarfsgerecht gestaltete Haltestellen. Die Haltestellen Leibnizstra\u00dfe, Gau\u00dfstra\u00dfe und Fichtestra\u00dfe wurden in j\u00fcngster Zeit barrierefrei ausgebaut, was wir sehr begr\u00fc\u00dfen. Im Zuge der notwendigen Ausbauma\u00dfnahmen mussten die Haltestellen teilweise verlegt werden. Vor dem Umbau waren alle drei Haltestellen mit mindestens einer Sitzbank und einem Warteh\u00e4uschen ausgestattet. Diese Ausstattungsmerkmale sind nicht mehr vorhanden. Wartende sind nun jedem Wetter schutzlos ausgesetzt und haben dar\u00fcber hinaus keine Sitzgelegenheit mehr. Besonders f\u00fcr dort lebende \u00e4ltere Menschen stellt dies eine deutliche Verschlechterung der Wartesituation dar.<\/p>\n\n\n\n<p>Die SSB AG beantragt keine Baugenehmigung f\u00fcr neue Warteh\u00e4uschen an den genannten Haltestellen. Sie begr\u00fcndet dies mit fehlenden Subventionen durch Werbeanlagen aufgrund mangelnden Interesses ihres Werbekonzession\u00e4rs.<\/p>\n\n\n\n<p>Es ist f\u00fcr uns nicht hinnehmbar, dass die Gestaltung \u00f6ffentlicher Nahverkehrsinfrastruktur von dem privatwirtschaftlichen Interesse Werbetreibender abh\u00e4ngig gemacht wird.<\/p>\n\n\n\n<p>In <a href=\"https:\/\/gruene-ov-stuttgart.de\/west\/wp-content\/uploads\/2024\/04\/BB-Antrag-Wartehaeuschen.pdf\">unserem Antrag<\/a> bitten wir die SSB AG um die Erl\u00e4uterung ihrer internen Entscheidungsprozesse und Finanzierungsmechanismen f\u00fcr Warteh\u00e4uschen.<\/p>\n\n\n\n<h3 class=\"wp-block-heading\"><strong>Aufmerksamkeit f\u00fcr den Bezirksbeirat im Bezirk erh\u00f6hen<\/strong><\/h3>\n\n\n\n<p><em>5. M\u00e4rz 2024<\/em> &#8211; Der Bezirksbeirat hat eine interfraktionelle Arbeitsgruppe beauftragt, Ideen zu erarbeiten, um das Bezirksbudget im Stadtbezirk bekannter zu machen. Die B\u00fcrgerinnen und B\u00fcrger im Stuttgarter Westen sollen darauf hingewiesen werden, dass die M\u00f6glichkeit besteht f\u00fcr unterschiedlichste Aktivit\u00e4ten einen Antrag auf finanzielle Unterst\u00fctzung durch das Bezirksbudget zu stellen.<\/p>\n\n\n\n<p>Die Arbeitsgruppe hat sich auf das Format \u201ePostkarte\u201c geeinigt, da es f\u00fcr alle Alters- und Zielgruppen zug\u00e4nglich ist. Durch Plakate oder Social Media Posts mit dem entsprechenden Layout kann eine erg\u00e4nzende \u00d6ffentlichkeitsarbeit durch den Bezirksbeirat erfolgen.<\/p>\n\n\n\n<p>In <a href=\"https:\/\/gruene-ov-stuttgart.de\/west\/wp-content\/uploads\/2024\/04\/BB-Antrag-Postkarte.pdf\">unserem interfraktionellen Antrag<\/a> bitten wir die Verwaltung um die Erstellung entsprechender Layout-Vorschl\u00e4ge.<\/p>\n\n\n\n<h3 class=\"wp-block-heading\">Und immer noch fallen B\u00e4ume &#8211; trotz Baumschutz-Satzung<\/h3>\n\n\n\n<p><em>30. Januar 2024<\/em> &#8211; Der Stuttgarter Westen geh\u00f6rt zu den am dichtest besiedelten Stadtteilen Deutschlands. Da tut jeder Baum, jeder Strauch, jedwedes Gr\u00fcn der Gesundheit, dem Klima und der Seele gut. Deshalb k\u00e4mpfen wir nachhaltig um den Erhalt, den Ausbau und Nachpflanzungen im \u00f6ffentlichen Raum \u2013 und wo es m\u00f6glich ist, unterst\u00fctzen wir Initiativen auch auf privatem Gel\u00e4nde. Ein Beispiel hierf\u00fcr ist die Absicht eines Eigent\u00fcmers im Stuttgarter Westen zwei gesunde Pappeln f\u00e4llen zu lassen. Nicht, weil diese marode sind, nein, sondern um einen seit Jahren w\u00e4hrenden Nachbarschaftsstreit zu l\u00f6sen (die Stuttgarter Zeitung und das Bl\u00e4ttle West berichteten). Dem Bezirksbeirat wurde eine Unterschriftenliste aus der Nachbarschaft zum Erhalt der B\u00e4ume \u00fcberreicht und der Bezirksvorsteher und der BUND haben sich vor Ort von der Schutzw\u00fcrdigkeit der B\u00e4ume \u00fcberzeugt. Diese gesunden B\u00e4ume spenden Schatten, sind Schutzraum f\u00fcr Tiere und ein Beitrag zur Verbesserung des Klimas, besonders in den zunehmend hei\u00dfen Sommern. Wir sind der Meinung, wer nach 25 Jahren eine F\u00e4llgenehmigung noch immer nicht vollzogen hat, sollte es freiwillig lassen, angesichts der Klimaver\u00e4nderungen.<\/p>\n\n\n\n<p>In <a href=\"https:\/\/gruene-ov-stuttgart.de\/west\/wp-content\/uploads\/2024\/04\/BB-Antrag-Baeume.pdf\">unserem interfraktionellen Antrag<\/a> fordern wir die Stadt zur \u00dcberarbeitung der Baumschutzsatzung auf, damit zuk\u00fcnftig keine weiteren \u201eAltlasten\u201c von F\u00e4llungen betroffen sind. Dar\u00fcber hinaus muss die Verwaltung Nachpflanzungen mit klimaresistenten B\u00e4umen in der vorgegebenen Frist anordnen und deren Umsetzung \u00fcberpr\u00fcfen.<\/p>\n\n\n\n<h3 class=\"wp-block-heading\">Erg\u00e4nzende Motorradstellpl\u00e4tze ausweisen<\/h3>\n\n\n\n<p><em>9. Januar 2024<\/em> &#8211; Ein erstes sinnvolles Netz von Motorradstellpl\u00e4tzen wurde bereits eingerichtet. Sie werden sehr gut angenommen und viel genutzt \u2013 sie entlasten die Gehwege erfreulich und erh\u00f6hen die Sicherheit von Zu-Fu\u00df-Gehenden. Dennoch gibt es an einigen Stellen im Stuttgarter Westen noch erg\u00e4nzenden Bedarf, wo Radabstellanlagen genutzt werden oder geh\u00e4uft Motorroller und -r\u00e4der auf den Gehwegen zu finden sind.<\/p>\n\n\n\n<p>In <a href=\"https:\/\/gruene-ov-stuttgart.de\/west\/wp-content\/uploads\/2024\/04\/BB-Antrag-Motorradstellplaetze.pdf\">unserem Antrag<\/a> fordern wir die Stadt auf, die Gehwege weiter zu entlasten und zu diesem Zweck weitere Motorradstellpl\u00e4tze auszuweisen.<\/p>\n\n\n\n<h3 class=\"wp-block-heading\">Beschattung von Spielpl\u00e4tzen im Stuttgarter Westen &#8211; Priorisierung<\/h3>\n\n\n\n<p><em>9. Januar 2024<\/em> &#8211; Dass viele Spielpl\u00e4tze im Stuttgarter Westen eine ausreichende Beschattung vermissen lassen, war bereits mehrfach Gegenteil der Sitzungen des Bezirksbeirats &#8211; zuletzt Mitte 2023 zugunsten des Anton-Wilhelm-Amo-Platzes. Im Ausschuss f\u00fcr Klimaschutz und Energiewende wurden dar\u00fcber hinaus weitere Bedarfe f\u00fcr die Beschattung zusammengetragen, so z.B. im Olga-Areal und dem Rossbolleng\u00e4ssle.<\/p>\n\n\n\n<p>In <a href=\"https:\/\/gruene-ov-stuttgart.de\/west\/wp-content\/uploads\/2024\/04\/BB-Antrag-Beschattung-Spielplaetze.pdf\">unserem interfraktionellen Antrag <\/a>fordern wir die Stadt nun auf,  dem Bezirksbeirat jeweils spezifische Vorschl\u00e4ge bzw. eine zeitnahe L\u00f6sung zur Beschattung der genannten Spielpl\u00e4tze zu unterbreiten und diese dann entsprechend zeitnah umzusetzen.<\/p>\n\n\n\n<hr class=\"wp-block-separator has-alpha-channel-opacity is-style-dots\"\/>\n\n\n\n<h2 class=\"wp-block-heading has-text-align-left\">Antr\u00e4ge 2023<\/h2>\n\n\n\n<div style=\"height:57px\" aria-hidden=\"true\" class=\"wp-block-spacer\"><\/div>\n\n\n\n<h3 class=\"wp-block-heading\">Elisabethenstra\u00dfe 26 in st\u00e4dtischer Hand behalten und zum Pilotprojekt f\u00fcr energetische und klimatische Sanierung sowie Beratung umgestalten<\/h3>\n\n\n\n<p><em>24. Oktober 2023<\/em> &#8211; Die Stadt Stuttgart hat die Liegenschaft Elisabethenstr. 26 gekauft. Es ist das wohl \u00e4lteste und denkmalgesch\u00fctzte Geb\u00e4ude im Stuttgarter Westen und dringend renovierungsbed\u00fcrftig. Zudem k\u00f6nnte es einer neuen Nutzung zugef\u00fchrt werden. Dies bietet die Chance, am bestehenden Objekt sichtbar und erlebbar zu machen, wie heute energetische und klimatische Sanierung umgesetzt werden kann. F\u00fcr die \u00d6ffentlichkeit k\u00f6nnte praktisch gezeigt werden, wie dies gelingen kann und mit Beratung bzgl. F\u00f6rdergeldern und Handwerksleistungen die Sorgen vor einer Sanierung genommen werden. Als Pilotprojekt k\u00f6nnte dies Vorbild sein, wie in den Bezirken niederschwellig die energetische Sanierung vorangetrieben werden kann und mit klimatischen Ma\u00dfnahmen dem Klimawandel und der zunehmenden Hitzeentwicklung entgegengewirkt werden kann. Es w\u00e4re auch eine erste Umsetzung von <a href=\"https:\/\/www.stuttgart.de\/buergerinnen-und-buerger\/buergerrat-klima\/ergebnisse\/\" target=\"_blank\" rel=\"noreferrer noopener\">Empfehlungen des Klimarates<\/a>.<\/p>\n\n\n\n<p>Im Haus selbst lie\u00dfen sich Beratungsr\u00e4ume, R\u00e4ume f\u00fcr Stadtteilinitiativen mit Au\u00dfenbereich und Wohnungen f\u00fcr neue Wohnformen etablieren. Es w\u00e4re eine optimale Erg\u00e4nzung zur Umgestaltung des Bismarckplatzes und den angrenzenden Nutzungen.<\/p>\n\n\n\n<p>In <a href=\"https:\/\/gruene-ov-stuttgart.de\/west\/wp-content\/uploads\/2024\/04\/BB-Antrag-Eli26.pdf\">unserem interfraktionellen Antrag<\/a> fordern wir die Stadt auf, sich zu verpflichten, dass das Geb\u00e4ude in st\u00e4dtischem Eigentum bleibt. Dar\u00fcber hinaus soll die Umnutzung gepr\u00fcft und Anwohnende in die weitere Umsetzung einbezogen werden.  Zuletzt soll eruiert werden, ob das Energieberatungszentrum (EBZ) eine Au\u00dfenstelle zur konkreten Beratung f\u00fcr die \u00d6ffentlichkeit dort etablieren kann.<\/p>\n\n\n\n<h3 class=\"wp-block-heading\">Ma\u00dfnahmen gegen den Durchgangsverkehr in der Rosenbergstra\u00dfe<\/h3>\n\n\n\n<p><em>24. Oktober 2023<\/em> &#8211; Die Anwohnerinitiative Verkehrsberuhigung obere Rosenbergstra\u00dfe hat Probleme analysiert, die besonders durch Durchgangsverkehr verursacht werden. Das Verkehrsaufkommen f\u00fchrt zu Un\u00fcbersichtlichkeit bei der Stra\u00dfen\u00fcberquerung und gef\u00e4hrlichen Situationen, zumal das erlaubte Tempo 30 oftmals \u00fcberschritten wird und viele parkende Autos in der Rosenbergstra\u00dfe zur Enge beitragen.<\/p>\n\n\n\n<p>Dazu hat die Initiative am 16. Mai 2023 im Bezirksbeirat eine Liste mit 97 Unterschriften \u00fcberreicht. Die Unterzeichnenden sprechen sich f\u00fcr Ma\u00dfnahmen zur Verhinderung von Durchgangsverkehr, zur Verkehrsberuhigung, zur Erh\u00f6hung der Aufenthaltsqualit\u00e4t und f\u00fcr Ma\u00dfnahmen zur Erh\u00f6hung der Sicherheit insbesondere f\u00fcr Kinder\/mobilit\u00e4tseingeschr\u00e4nkte Personen aus.<\/p>\n\n\n\n<p>In <a href=\"https:\/\/gruene-ov-stuttgart.de\/west\/wp-content\/uploads\/2024\/04\/BB-Antrag-Verkehrsberuhigung-Rosenbergstrasse.pdf\">unserem Antrag<\/a> unterst\u00fctzen wir das Anliegen der Anwohnerinitiative und fordern Sofortma\u00dfnahmen zur Verkehrsberuhigung sowie die Pr\u00fcfung von l\u00e4ngerfristigen Optionen wie z.B. Diagonalsperren.<\/p>\n\n\n\n<h3 class=\"wp-block-heading\">Informationen \u00fcber die Zukunft des W&amp;W-Gel\u00e4ndes im Stuttgarter Westen<\/h3>\n\n\n\n<p><em>26. September 2023<\/em> &#8211; Im August 2023 wurde \u00fcber den endg\u00fcltigen Wegzug der W&amp;W Versicherung und dessen Folgen f\u00fcr das \u00f6rtliche Gewerbe berichtet. Das Areal mit den Geb\u00e4uden der W&amp;W AG nimmt eine gro\u00dfe Fl\u00e4che von ca. 13.000 qm mitten im Herzen des Westens ein und die 2.000 Arbeitspl\u00e4tze waren ein wichtiger Wirtschaftsfaktor f\u00fcr umliegende Gastronomen und Betriebe. Der Auszug f\u00fchrt f\u00fcr das Umfeld zun\u00e4chst zu wirtschaftlichen Problemen, bietet aber auch die Chance einer Neuorientierung, f\u00fcr Zwischennutzungen und der Schaffung von bezahlbarem Wohnraum im Bezirk West.<br>Es sollte angesichts der zentralen Lage und der Nutzungsm\u00f6glichkeiten des Areals verhindert werden, dass es hier zu l\u00e4ngerem Leerstand kommt. Deshalb wollen wir die Zust\u00e4ndigen der W&amp;W, bzw. als Verantwortliche f\u00fcr die Entwicklung des Areals die W\u00fcstenrot Haus- und St\u00e4dtebau einladen, die Pl\u00e4ne f\u00fcr die weitere Verwendung dieser wichtigen Fl\u00e4che im Bezirksbeirat vorzustellen. Im Stuttgarter Westen werden dringend bezahlbarer Wohnraum, R\u00e4ume f\u00fcr gewerbliche Mischnutzungen und f\u00fcr kulturelle Begegnung gebraucht.<\/p>\n\n\n\n<p>In <a href=\"https:\/\/gruene-ov-stuttgart.de\/west\/wp-content\/uploads\/2024\/04\/BB-Antrag-Zukunft-WundW-Gelaende.pdf\">unserem Antrag<\/a> fordern wir die Anberaumung eines Treffens mit VertreterInnen des W&amp;W- Konzerns einzuladen, um zeitnah \u00fcber die Pl\u00e4ne f\u00fcr eine weitere Nutzung des freigewordenen Areals im Stuttgarter Westen zu berichten und \u00fcber den aktuellen Stand der Gespr\u00e4che mit der Stadt Stuttgart.<\/p>\n\n\n\n<h3 class=\"wp-block-heading\">Bericht \u00fcber den neuen rechtlichen Rahmen f\u00fcr E-Scooter und m\u00f6gliche Abstellfl\u00e4chen in Stuttgart-West<\/h3>\n\n\n\n<p><em>26. September 2023<\/em> &#8211; Das Thema E-Scooter sorgt auch im Bezirk Stuttgart-West immer wieder f\u00fcr Diskussionen und Konflikte mit anderen Verkehrsteilnehmer*innen. Durch die Verabschiedung des Sondernutzungskonzeptes soll hierf\u00fcr Abhilfe geschaffen werden. <\/p>\n\n\n\n<p>In <a href=\"https:\/\/gruene-ov-stuttgart.de\/west\/wp-content\/uploads\/2024\/04\/BB-Antrag-E-Scooter.pdf\">unserem Antrag<\/a> fordern wir die Kl\u00e4rung des rechtlichen Rahmens f\u00fcr die Zulassung der Anbieter und das Sondernutzungskonzept f\u00fcr den Betrieb von E-Scootern, eine Aufarbeitung der gesammelten Daten der Anbieter sowie einen Austausch \u00fcber m\u00f6glich Geofencing-Ma\u00dfnahmen im Stuttgarter Westen.<\/p>\n\n\n\n<h3 class=\"wp-block-heading\">Verkehrsberuhigte Bereiche in der Seyffer- und R\u00f6testra\u00dfe umgestalten<\/h3>\n\n\n\n<p><em>26. September 2023<\/em> &#8211; Die Elterninitiative \u201eMacht Platz! Petition Sicherer Schulweg\u201c hat dem Bezirksbeirat West am 13.06.2023 Vorschl\u00e4ge f\u00fcr die Umgestaltung der zwei bereits beschilderten verkehrsberuhigten Bereiche in der Seyffer- und R\u00f6testra\u00dfe, jeweils zwischen Ludwig- und Gutenbergstra\u00dfe, unterbreitet. Momentan ist hier zu Sto\u00dfzeiten ein hoher Durchgangsverkehr mit h\u00e4ufig deutlich \u00fcberh\u00f6hten Geschwindigkeiten zu verzeichnen. Diese Stra\u00dfen(-abschnitte) sind ebenfalls als empfohlene Schulwege der Stadt Stuttgart ausgewiesen. <\/p>\n\n\n\n<p>In <a href=\"https:\/\/gruene-ov-stuttgart.de\/west\/wp-content\/uploads\/2024\/04\/BB-Antrag-Seyffer-und-Roeetestrasse.pdf\">unserem interfraktionellen Antrag<\/a> unterst\u00fctzen wir das Anliegen,  die Vorschl\u00e4ge der Initiative zu pr\u00fcfen und nach M\u00f6glichkeit kurzfristig mit zun\u00e4chst ggf. tempor\u00e4ren Ma\u00dfnahmen umzusetzen.<\/p>\n\n\n\n<h3 class=\"wp-block-heading\">Fassadenbegr\u00fcnung am B\u00fcrgerzentrum \u2013 bringt viel, kostet wenig<\/h3>\n\n\n\n<p><em>25. Juli 2023<\/em> &#8211; Fassaden- und Dachbegr\u00fcnung tragen entscheidend zur Verbesserung der klimatischen Bedingungen bei und sind wesentliche Elemente der Klimaschutzanpassung. Dar\u00fcber hinaus haben sie noch wichtige andere Vorteile wie:<br>\u00b7 nat\u00fcrliche Klimaanlage und Luftreinigungsanlage (bindet CO\u2082 und Feinstaub)<br>\u00b7 Isolationseffekt im Winter und Schutz vor starkem Aufheizen im Sommer<br>\u00b7 L\u00e4rmschutz und Erh\u00f6hung innerst\u00e4dtischer der Lebens- und Aufenthaltsqualit\u00e4t im Quartier<br>\u00b7 bietet Lebensraum f\u00fcr Kleintiere in der Stadt<br>Um der Vorbildfunktion der Stadt hinsichtlich Fassadenbegr\u00fcnung Rechnung zu tragen und die Verbesserung der Lebensqualit\u00e4t vor Ort zu demonstrieren ist es dringend erforderlich, ein st\u00e4dtisches Geb\u00e4ude wie das B\u00fcrgerzentrum in Stuttgart West mit Fassadenbegr\u00fcnung auszustatten. Vorteilhaft w\u00e4re auch eine Messung der erzielten Absenkung der Temperatur im Geb\u00e4ude vor und nach der Umsetzung.<\/p>\n\n\n\n<p>In <a href=\"https:\/\/gruene-ov-stuttgart.de\/west\/wp-content\/uploads\/2024\/04\/BB-Antrag-Fassadenbegruenung-BueZe.pdf\">unserem Antrag<\/a> fordern wir die Verwaltung auf, die Fassadenbegr\u00fcnung des B\u00fcrgerzentrums West aus den Mitteln des Klimaschutzpakets der Landeshauptstadt Stuttgart m\u00f6glichst noch vor der n\u00e4chsten Hitzeperiode umzusetzen.<\/p>\n\n\n\n<h3 class=\"wp-block-heading\">Aktueller Stand sowie weitere Planungen Schulcampus West<\/h3>\n\n\n\n<p><em>25. Juli 2023<\/em> &#8211; In den letzten sechs Jahren wurden sowohl seitens Bezirksbeirat als auch der Gemeinderatsfraktionen mehrfach Antr\u00e4ge gestellt sowie Gespr\u00e4che gef\u00fchrt, um eine Realisierung des Schulcampus West zu erm\u00f6glichen.<\/p>\n\n\n\n<p>In unserem interfraktionellen Antrag fordern wir die Verwaltung auf, zum aktuellen Planungsstand des Schulcampus West berichten, den Schulcampus West in die Priorit\u00e4tenliste des Schulverwaltungsamtes aufzunehmen und sicherzustellen, dass die Elisabethenstra\u00dfe 26 weiterhin in st\u00e4dtischem Besitz verbleibt und f\u00fcr Mischnutzungszwecke &#8211; auch schulischer Art &#8211; zur Verf\u00fcgung stehen.<\/p>\n\n\n\n<h3 class=\"wp-block-heading\"><a href=\"https:\/\/gruene-ov-stuttgart.de\/west\/wp-content\/uploads\/2023\/03\/2023-02-21_Interfra_Erhalt_STEP-Mittel.pdf\" target=\"_blank\" rel=\"noreferrer noopener\">Erhalt der STEP-Mittel f\u00fcr die Innenstadtbezirke<\/a><\/h3>\n\n\n\n<p><em>21. Februar 2023<\/em> &#8211; Mit der Stadtentwicklungspauschale (sogenannte STEP-Mittel) sollen die Wohnquartiere der Innenstadtbezirke aufgewertet werden. Die Bezirksbeir\u00e4te der Innenstadtbezirke nutzen diese zugesicherten Mittel seit Jahren f\u00fcr Projekte direkt im Bezirk, um z. B. Spielfl\u00e4chen zu erneuern oder \u00f6ffentliche Pl\u00e4tze umzugestalten. Aufgrund der derzeitigen allgemeinen Teuerung wurde den Bezirksbeir\u00e4ten mitgeteilt, dass die STEP-Mittel f\u00fcr die kommende Haushaltsperiode bereits durch die erwarteten Mehrkosten von noch nicht umgesetzten Projekten aufgebraucht seien und keine neuen Antr\u00e4ge eingereicht werden sollen.<br><br>Mit einem interfraktionellen Antrag zusammen mit CDU, FDP, Puls, SPD, FrAKTION und Freie W\u00e4hler treten die Gr\u00fcnen in West daf\u00fcr ein, die STEP-Mittel in allen Innenstadtbezirken um die zu erwartenden Mehrkosten aufzustocken und damit wichtige neue Vorhaben zu erm\u00f6glichen. Ein Wegfall dieser Mittel in der kommenden Haushaltsperiode ist f\u00fcr uns nicht akzeptabel.<\/p>\n\n\n\n<hr class=\"wp-block-separator has-alpha-channel-opacity is-style-dots\"\/>\n\n\n\n<h2 class=\"wp-block-heading has-text-align-left\">Antr\u00e4ge 2022<\/h2>\n\n\n\n<div style=\"height:54px\" aria-hidden=\"true\" class=\"wp-block-spacer\"><\/div>\n\n\n\n<h3 class=\"wp-block-heading\"><a href=\"https:\/\/gruene-ov-stuttgart.de\/west\/wp-content\/uploads\/2022\/07\/Verkehrswende-in-die-Planungen-07.07.2022.pdf\" target=\"_blank\" rel=\"noreferrer noopener\">Verkehrswende in die Planungen<\/a><\/h3>\n\n\n\n<p><em>07. Juli 2022<\/em> &#8211; In einem interfraktionellen Antrag gemeinsam mit der FrAKTION und der SPD fordern die Gr\u00fcnen, dass die Verkehrswende in allen Vorhaben der Stuttgarter Stadt- und Verkehrsplanung mit einbezogen wird. Aktive und emissionslose Mobilit\u00e4tsformen (zu Fu\u00df, auf dem Fahrrad und mit dem \u00d6PNV) sollen gef\u00f6rdert werden und Vorrang vor fossil-motorisiertem Individualverkehr haben. Vorangegangene Entscheidungen der Stadtverwaltung, Parklets im Westen nicht zu genehmigen oder Parkscheinautomaten auf Gehwegen aufzustellen werden kritisiert.<\/p>\n\n\n\n<h3 class=\"wp-block-heading\"><a href=\"https:\/\/gruene-ov-stuttgart.de\/west\/wp-content\/uploads\/2022\/03\/Superblock-West-Priorita\u0308t-fu\u0308r-die-Aufenthaltsqualita\u0308t-25.02.2022.pdf\" target=\"_blank\" rel=\"noreferrer noopener\">Superblock West &#8211; Priorita\u0308t fu\u0308r die Aufenthaltsqualita\u0308t<\/a><\/h3>\n\n\n\n<p><em>25. Februar 2022<\/em> &#8211; Im Verkehrsversuch <a href=\"https:\/\/www.superblock-west.de\/\" target=\"_blank\" rel=\"noreferrer noopener\">Superblock Augustenstra\u00dfe<\/a> sollen zus\u00e4tzlich tempor\u00e4re st\u00e4dtebauliche Ver\u00e4nderungen im Sinne eines Superblocks ergriffen werden. Hierf\u00fcr beantragen die Gr\u00fcnen, dass ein erheblicher Teil des f\u00fcr Kfz-Stellpl\u00e4tze genutzen Raumes f\u00fcr Sitzgelegenheiten, Begr\u00fcnung und Aufenthaltsfl\u00e4chen ohne Konsumzwang genutzt wird. Desweiteren sollen im Rahmen des Verkehrsversuchs Abstellfl\u00e4chen f\u00fcr Fahrr\u00e4der und Lastenr\u00e4der, Stellpl\u00e4tze f\u00fcr Carsharing und Ladezonen f\u00fcr Anwohner*innen und den Lieferverkehr geschaffen werden.<\/p>\n\n\n\n<h3 class=\"wp-block-heading\"><a href=\"https:\/\/gruene-ov-stuttgart.de\/west\/wp-content\/uploads\/2022\/03\/Einbahnstrassen-fu\u0308r-den-Radverkehr-in-beide-Richtungen-freigeben-25.02.2022.pdf\" target=\"_blank\" rel=\"noreferrer noopener\">Einbahnstra\u00dfen fu\u0308r den Radverkehr in beide Richtungen freigeben<\/a><\/h3>\n\n\n\n<p><em>25. Februar 2022<\/em> &#8211; Nach einer entsprechenden \u00c4nderung in der Allgemeinen Verwaltungsvorschrift zur StVO vom November 2021 beantragen die Gr\u00fcnen Einbahnstra\u00dfen f\u00fcr den Radverkehr in beide Richtungen freizugeben, falls kein stichhaltiger Grund dagegen spricht. Dies betrifft unter anderem die Obere Paulusstra\u00dfe, die Klugestra\u00dfe, die Reuchlinstra\u00dfe, die R\u00f6testra\u00dfe, sowie Teile der Kornbergstra\u00dfe und Seyfferstra\u00dfe.<\/p>\n\n\n\n<h3 class=\"wp-block-heading\"><a href=\"https:\/\/gruene-ov-stuttgart.de\/west\/wp-content\/uploads\/2022\/02\/Gefahrenpotenzial-fu\u0308r-Radfahrende-und-Zufussgehende-minimieren-\u2013-modaler-Filter-an-der-Herzogstrasse-11.02.2022.pdf\" target=\"_blank\" rel=\"noreferrer noopener\">Gefahrenpotenzial fu\u0308r Radfahrende und Zufu\u00dfgehende minimieren<\/a><\/h3>\n\n\n\n<p><em>11. Februar 2022<\/em> &#8211; Mit Hilfe eines <a href=\"https:\/\/de.wikipedia.org\/wiki\/Modale_Filter\" target=\"_blank\" rel=\"noreferrer noopener\">modalen Filters<\/a> sollen gleich zwei gef\u00e4hrliche Stellen entsch\u00e4rft werden. Radfahrende, die von der Herzogstra\u00dfe in die Roteb\u00fchlstra\u00dfe einbiegen oder Fu\u00dfg\u00e4nger*innen, die auf der Roteb\u00fchlstra\u00dfe die Herzogstra\u00dfe \u00fcberqueren, sind durch oft zu schnell fahrende Autos gef\u00e4hrdet. Ein modaler Filter w\u00fcrde an dieser Stelle die Durchfahrt des motorisierten Individualverkehrs unterbinden. Die Gr\u00fcnen beantragen daher die tempor\u00e4re Anbringung eines modalen Filters um das Gefahrenpotential f\u00fcr den nichtmotorisierten Verkehr zu reduzieren.<\/p>\n\n\n\n<h2 class=\"wp-block-heading\">Antr\u00e4ge 2021<\/h2>\n\n\n\n<p><a href=\"https:\/\/gruene-ov-stuttgart.de\/west\/wp-content\/uploads\/2021\/12\/Fussga\u0308ngerinnen-und-Radfahrerinnen-schu\u0308tzen-Verkehrssicherheit-an-der-Kreuzung-Rotebu\u0308hl-Paulinenstrasse-erho\u0308hen-14.12.2021.pdf\" target=\"_blank\" rel=\"noreferrer noopener\">Fu\u00dfga\u0308nger*innen und Radfahrer*innen schu\u0308tzen &#8211; Verkehrssicherheit an der Kreuzung Rotebu\u0308hl-:Paulinenstra\u00dfe erho\u0308hen (14.12.2021)<\/a><\/p>\n\n\n\n<p><a href=\"https:\/\/gruene-ov-stuttgart.de\/west\/wp-content\/uploads\/2021\/11\/Klimaschutz-vorantreiben-im-Westen-\u2013-Stuttgart-West-zu-einem-Musterstadtteil-Klimaschutz-entwickeln-23.11.2021.pdf\" target=\"_blank\" rel=\"noreferrer noopener\">Klimaschutz vorantreiben im Westen \u2013 Stuttgart West zu einem Musterstadtteil Klimaschutz entwickeln (23.11.2021)<\/a><\/p>\n\n\n\n<p><a href=\"https:\/\/gruene-ov-stuttgart.de\/west\/wp-content\/uploads\/2021\/11\/Vorschla\u0308ge-zur-Gestaltung-der-Flanierroute-VI-Forststrasse-19.11.2021.pdf\" target=\"_blank\" rel=\"noreferrer noopener\">Vorschla\u0308ge zur Gestaltung der Flanierroute VI (Forststra\u00dfe) (19.11.2021)<\/a><\/p>\n\n\n\n<p><a href=\"https:\/\/gruene-ov-stuttgart.de\/west\/wp-content\/uploads\/2021\/11\/Verbindung-des-Olgaplatzes-mit-dem-Kastanienpla\u0308tzle-19.11.2021.pdf\" target=\"_blank\" rel=\"noreferrer noopener\">Verbindung des Olgaplatzes mit dem Kastanienpla\u0308tzle (19.11.2021)<\/a><\/p>\n\n\n\n<p><a href=\"https:\/\/gruene-ov-stuttgart.de\/west\/wp-content\/uploads\/2021\/11\/Euer-halber-Meter-Einfache-Mo\u0308blierung-dulden-statt-verbieten-19.11.2021.pdf\" target=\"_blank\" rel=\"noreferrer noopener\">Euer halber Meter- Einfache Mo\u0308blierung dulden statt verbieten (19.11.2021)<\/a><\/p>\n\n\n\n<p><a href=\"https:\/\/gruene-ov-stuttgart.de\/west\/wp-content\/uploads\/2021\/11\/Superblock-West-Bestehende-Aufwertung-der-Augustenstrasse-erhalten-05.11.2021.pdf\" target=\"_blank\" rel=\"noreferrer noopener\">Superblock West &#8211; Bestehende Aufwertung der Augustenstra\u00dfe erhalten (05.11.2021)<\/a><\/p>\n\n\n\n<p><a href=\"https:\/\/gruene-ov-stuttgart.de\/west\/wp-content\/uploads\/2021\/11\/Behinderung-der-Fussga\u0308ngerinnen-durch-parkende-Autos-verringern-07.10.2021.pdf\" target=\"_blank\" rel=\"noreferrer noopener\">Behinderung der Fu\u00dfga\u0308nger*innen durch parkende Autos verringern (07.10.2021)<\/a><\/p>\n\n\n\n<p><a href=\"https:\/\/gruene-ov-stuttgart.de\/west\/wp-content\/uploads\/2021\/11\/Verwendung-der-E-Scooter-in-geordnete-Bahnen-lenken-07.10.2021.pdf\" target=\"_blank\" rel=\"noreferrer noopener\">Verwendung der E-Scooter in geordnete Bahnen lenken (07.10.2021)<\/a><\/p>\n\n\n\n<p><a href=\"https:\/\/gruene-ov-stuttgart.de\/west\/wp-content\/uploads\/2021\/10\/Pla\u0308ne-und-Einfluss-der-Stadt-auf-zuku\u0308nftig-freiwerdende-Immobilien-und-zu-bebauende-Fla\u0308chen-im-Stuttgarter-Westen-28.09.2021.pdf\" target=\"_blank\" rel=\"noreferrer noopener\">Pla\u0308ne und Einfluss der Stadt auf zuku\u0308nftig freiwerdende Immobilien und zu bebauende Fla\u0308chen im Stuttgarter Westen (28.09.2021)<\/a><\/p>\n\n\n\n<p><a href=\"https:\/\/gruene-ov-stuttgart.de\/west\/wp-content\/uploads\/2021\/08\/Einsatz-des-Sicherheitsdiensts-am-Feuersee-verla\u0308ngern-15.07.2021.pdf\" target=\"_blank\" rel=\"noreferrer noopener\">Einsatz des Sicherheitsdiensts am Feuersee verla\u0308ngern (15.07.2021)<\/a><\/p>\n\n\n\n<p><a href=\"https:\/\/gruene-ov-stuttgart.de\/west\/wp-content\/uploads\/2021\/06\/Bericht-u\u0308ber-den-aktuellen-Stand-zum-Rahmenkonzept-Schul-und-Tankstellenareal-Bismarckstrasse-13.06.2021.pdf\" target=\"_blank\" rel=\"noreferrer noopener\">Bericht u\u0308ber den aktuellen Stand zum Rahmenkonzept Schul- und Tankstellenareal Bismarckstra\u00dfe (13.06.2021)<\/a><\/p>\n\n\n\n<p><a href=\"https:\/\/gruene-ov-stuttgart.de\/west\/wp-content\/uploads\/2021\/06\/Stuttgarter-Mobilita\u0308tswoche-2021-in-Stuttgart-West-09.06.2021.pdf\" target=\"_blank\" rel=\"noreferrer noopener\">Stuttgarter Mobilita\u0308tswoche 2021 in Stuttgart-West (09.06.2021)<\/a><\/p>\n\n\n\n<p><a href=\"https:\/\/gruene-ov-stuttgart.de\/west\/wp-content\/uploads\/2021\/02\/Superblock-Augustenstrasse-Umsetzung-jetzt-pru\u0308fen-14.02.2021.pdf\" target=\"_blank\" rel=\"noreferrer noopener\">Superblock Augustenstra\u00dfe &#8211; Umsetzung jetzt pru\u0308fen (14.02.2021)<\/a><\/p>\n\n\n\n<p><a href=\"https:\/\/gruene-ov-stuttgart.de\/west\/wp-content\/uploads\/2021\/01\/Bereitstellung-von-Haushaltsmitteln-202223-zur-Einrichtung-eines-inklusiven-Spielsatzes-in-Stuttgart-West-15.01.2021.pdf\" target=\"_blank\" rel=\"noreferrer noopener\">Bereitstellung von Haushaltsmitteln 2022:23 zur Einrichtung eines inklusiven Spielsatzes in Stuttgart West (15.01.2021)<\/a><\/p>\n\n\n\n<h2 class=\"wp-block-heading\">Antr\u00e4ge 2020<\/h2>\n\n\n\n<p><a href=\"https:\/\/gruene-ov-stuttgart.de\/west\/wp-content\/uploads\/2020\/12\/Sport-und-Spielgeraete-fuer-den-Platz-Hasenbergsteige-gegenueber-Hasenbergturm-zuegig-umsetzen-Verzoegerungen-im-Rahmen-einer-Studie-nicht-hinnehmbar-03.12.2020.pdf\" target=\"_blank\" rel=\"noreferrer noopener\">Sport- und Spielger\u00e4te f\u00fcr den Platz Hasenbergsteige gegen\u00fcber Hasenbergturm z\u00fcgig umsetzen &#8211; Verz\u00f6gerungen im Rahmen einer Studie nicht hinnehmbar (03.12.2020)<\/a><\/p>\n\n\n\n<p><a href=\"https:\/\/gruene-ov-stuttgart.de\/west\/wp-content\/uploads\/2022\/09\/Wu\u0308rdigung-Schwarzer-Perso\u0308nlichkeiten-08.11.2020.pdf\" target=\"_blank\" rel=\"noreferrer noopener\">Wu\u0308rdigung Schwarzer Perso\u0308nlichkeiten (08.11.2020)<\/a><\/p>\n\n\n\n<p><a href=\"https:\/\/gruene-ov-stuttgart.de\/west\/wp-content\/uploads\/2020\/10\/Erga\u0308nzung-zum-interfraktionellen-Antrag-\u201eAngebot-an-Sitzgelegenheiten-im-Westen-erweitern-29.10.2020.pdf\" target=\"_blank\" rel=\"noreferrer noopener\">Erga\u0308nzung zum interfraktionellen Antrag \u201eAngebot an Sitzgelegenheiten im Westen erweitern\u201c (29.10.2020)<\/a><\/p>\n\n\n\n<p><a href=\"https:\/\/gruene-ov-stuttgart.de\/west\/wp-content\/uploads\/2020\/10\/Spielpla\u0308tze-im-Westen-fu\u0308r-den-Sommer-fit-machen-Schutz-vor-der-Sonne-ermo\u0308glichen-28.10.2020.pdf\" target=\"_blank\" rel=\"noreferrer noopener\">Spielpla\u0308tze im Westen fu\u0308r den Sommer fit machen &#8211; Schutz vor der Sonne ermo\u0308glichen (28.10.2020)<\/a><\/p>\n\n\n\n<p><a href=\"https:\/\/gruene-ov-stuttgart.de\/west\/wp-content\/uploads\/2020\/10\/Fonta\u0308nenfeld-auf-dem-Bismarckplatz-schaffen-Elisabethenbrunnen-erhalten-27.10.2020.pdf\" target=\"_blank\" rel=\"noreferrer noopener\">Fonta\u0308nenfeld auf dem Bismarckplatz schaffen, Elisabethenbrunnen erhalten (27.10.2020)<\/a><\/p>\n\n\n\n<p><a href=\"https:\/\/gruene-ov-stuttgart.de\/west\/wp-content\/uploads\/2020\/10\/Nahverkehrsplan-Teilfortschreibung-2020-17.10.2020.pdf\" target=\"_blank\" rel=\"noreferrer noopener\">Nahverkehrsplan Teilfortschreibung 2020 (17.10.2020)<\/a><\/p>\n\n\n\n<p><a href=\"https:\/\/gruene-ov-stuttgart.de\/west\/wp-content\/uploads\/2020\/09\/Haltestellen-der-SSB-in-Stuttgart-West-dem-Klimawandel-und-der-Witterung-anpassen-27.09.2020.pdf\" target=\"_blank\" rel=\"noreferrer noopener\">Haltestellen der SSB in Stuttgart West dem Klimawandel und der Witterung anpassen (27.09.2020)<\/a><\/p>\n\n\n\n<p><a href=\"https:\/\/gruene-ov-stuttgart.de\/west\/wp-content\/uploads\/2020\/09\/Regenbogen-Aufzeichnungen-auf-o\u0308ffentlichen-Fla\u0308chen-in-Stuttgart-West-umsetzen-17.09.2020.pdf\">Regenbogen-Aufzeichnungen auf o\u0308ffentlichen Fla\u0308chen in Stuttgart-West umsetzen (17.09.2020)<\/a><\/p>\n\n\n\n<p><a href=\"https:\/\/gruene-ov-stuttgart.de\/west\/wp-content\/uploads\/2020\/09\/Ein-inklusiver-Kinderspielplatz-fu\u0308r-Stuttgart-West-17.09.2020.pdf\" target=\"_blank\" rel=\"noreferrer noopener\">Ein inklusiver Kinderspielplatz fu\u0308r Stuttgart West (17.09.2020)<\/a><\/p>\n\n\n\n<p><a href=\"https:\/\/gruene-ov-stuttgart.de\/west\/wp-content\/uploads\/2020\/09\/Rad-und-Fussverkehr-am-Westbahnhof-trennen-und-sicherer-machen-07.09.2020.pdf\" target=\"_blank\" rel=\"noreferrer noopener\">Rad- und Fu\u00dfverkehr am Westbahnhof trennen und sicherer machen (07.09.2020)<\/a><\/p>\n\n\n\n<p><a href=\"https:\/\/gruene-ov-stuttgart.de\/west\/wp-content\/uploads\/2020\/06\/Angebot-an-Sitzmo\u0308glichkeiten-im-Westen-erweitern-29.06.2020.pdf\" target=\"_blank\" rel=\"noreferrer noopener\">Angebot an Sitzmo\u0308glichkeiten im Westen erweitern (29.06.2020)<\/a><\/p>\n\n\n\n<p><a href=\"https:\/\/gruene-ov-stuttgart.de\/west\/wp-content\/uploads\/2020\/06\/Regenbogen-auf-o\u0308ffentlichen-Fla\u0308chen-in-Stuttgart-West-23.06.2020.pdf\" target=\"_blank\" rel=\"noreferrer noopener\">Regenbogen auf o\u0308ffentlichen Fla\u0308chen in Stuttgart-West (23.06.2020)<\/a><\/p>\n\n\n\n<p><a href=\"https:\/\/gruene-ov-stuttgart.de\/west\/wp-content\/uploads\/2020\/06\/Sport-und-Spielgera\u0308te-fu\u0308r-den-Platz-Hasenbergsteige-gegenu\u0308ber-Hasenbergturm-21.06.2020.pdf\" target=\"_blank\" rel=\"noreferrer noopener\">Sport- und Spielgera\u0308te fu\u0308r den Platz Hasenbergsteige gegenu\u0308ber Hasenbergturm (21.06.2020)<\/a><\/p>\n\n\n\n<p><a href=\"https:\/\/gruene-ov-stuttgart.de\/west\/wp-content\/uploads\/2020\/06\/Im-Schwabtunnel-faire-Teilhabe-der-Verkehrsarten-herstellen-03.06.2020.pdf\" target=\"_blank\" rel=\"noreferrer noopener\">Im Schwabtunnel faire Teilhabe der Verkehrsarten herstellen (03.06.2020)<\/a><\/p>\n\n\n\n<p><a href=\"https:\/\/gruene-ov-stuttgart.de\/west\/wp-content\/uploads\/2020\/06\/Anforderung-an-Fahrradgaragen-fu\u0308r-dicht-besiedelte-Gebiete-in-S-West-03.06.2020.pdf\" target=\"_blank\" rel=\"noreferrer noopener\">Anforderung an Fahrradgaragen fu\u0308r dicht besiedelte Gebiete in S-West (03.06.2020)<\/a><\/p>\n\n\n\n<p><a href=\"https:\/\/gruene-ov-stuttgart.de\/west\/wp-content\/uploads\/2020\/06\/Mehr-Platz-fu\u0308r-den-Fahrradverkehr-in-Stuttgart-West-tempora\u0308ren-Radfahrstreifen-auf-der-Rotebu\u0308hl-und-Rotenwaldstra\u00dfe-einrichten-03.06.2020.pdf\" target=\"_blank\" rel=\"noreferrer noopener\">Mehr Platz fu\u0308r den Fahrradverkehr in Stuttgart-West &#8211; tempora\u0308ren Radfahrstreifen auf der Rotebu\u0308hl- und Rotenwaldstra\u00dfe einrichten (03.06.2020)<\/a><\/p>\n\n\n\n<p><a href=\"https:\/\/gruene-ov-stuttgart.de\/west\/wp-content\/uploads\/2020\/06\/Reinsburgstra\u00dfe-soll-Fahrradstra\u00dfe-werden-03.06.2020.pdf\" target=\"_blank\" rel=\"noreferrer noopener\">Reinsburgstra\u00dfe soll Fahrradstra\u00dfe werden (03.06.2020)<\/a><\/p>\n\n\n\n<p><a href=\"https:\/\/gruene-ov-stuttgart.de\/west\/wp-content\/uploads\/2020\/06\/Radverkehr-in-Stuttgart-West-beschleunigen-neuen-Gru\u0308npfeil-fu\u0308r-den-Radverkehr-anwenden-03.06.2020.pdf\" target=\"_blank\" rel=\"noreferrer noopener\">Radverkehr in Stuttgart- West beschleunigen &#8211; neuen Gru\u0308npfeil fu\u0308r den Radverkehr anwenden (03.06.2020)<\/a><\/p>\n\n\n\n<p><a href=\"https:\/\/gruene-ov-stuttgart.de\/west\/wp-content\/uploads\/2020\/06\/Mehr-Platz-fu\u0308r-den-Fu\u00dfverkehr-Ma\u00dfnahmen-am-Bismarckplatz-jetzt-umsetzen-03.06.2020.pdf\" target=\"_blank\" rel=\"noreferrer noopener\">Mehr Platz fu\u0308r den Fu\u00dfverkehr &#8211; Ma\u00dfnahmen am Bismarckplatz jetzt umsetzen (03.06.2020)<\/a><\/p>\n\n\n\n<p><a href=\"https:\/\/gruene-ov-stuttgart.de\/west\/wp-content\/uploads\/2020\/05\/Radverkehrsverbindung-zwischen-Botnang-und-S-West-verbessern-05.05.2020.pdf\" target=\"_blank\" rel=\"noreferrer noopener\">Radverkehrsverbindung zwischen Botnang und S-West verbessern (05.05.2020)<\/a><\/p>\n\n\n\n<p><a href=\"https:\/\/gruene-ov-stuttgart.de\/west\/wp-content\/uploads\/2020\/05\/Hauptradroute-4-auf-Forststra\u00dfe-und-Herderstra\u00dfe-Kfz-La\u0308ngsparken-statt-Querparken-05.05.2020.pdf\" target=\"_blank\" rel=\"noreferrer noopener\">Hauptradroute 4 auf Forststra\u00dfe und Herderstra\u00dfe: Kfz-La\u0308ngsparken statt Querparken (05.05.2020)<\/a><\/p>\n\n\n\n<p><a href=\"https:\/\/gruene-ov-stuttgart.de\/west\/wp-content\/uploads\/2020\/04\/Schneller-und-sicherer-zu-Fu\u00df-durch-den-Stuttgarter-Westen-27.04.2020.pdf\" target=\"_blank\" rel=\"noreferrer noopener\">Schneller und sicherer zu Fu\u00df durch den Stuttgarter Westen (27.04.2020)<\/a><\/p>\n\n\n\n<p><a href=\"https:\/\/gruene-ov-stuttgart.de\/west\/wp-content\/uploads\/2020\/04\/Abstellen-der-E-Scooter-in-geordnete-Bahnen-lenken-und-sicherer-machen-27.04.2020.pdf\" target=\"_blank\" rel=\"noreferrer noopener\">Abstellen der E-Scooter in geordnete Bahnen lenken und sicherer machen (27.04.2020)<\/a><\/p>\n\n\n\n<p><a href=\"https:\/\/gruene-ov-stuttgart.de\/west\/wp-content\/uploads\/2020\/05\/Gru\u0308nfla\u0308che-vor-dem-Olga\u0308le-Areal-zu\u0308gig-fertigstellen-11.03.2020.pdf\" target=\"_blank\" rel=\"noreferrer noopener\">Gru\u0308nfla\u0308che vor dem Olga\u0308le-Areal zu\u0308gig fertigstellen (11.03.2020)<\/a><\/p>\n\n\n\n<p><a href=\"https:\/\/gruene-ov-stuttgart.de\/west\/wp-content\/uploads\/2020\/04\/Hauptradroute-64-auf-der-Silberburgstra\u00dfe-verwirklichen-10.02.2020.pdf\" target=\"_blank\" rel=\"noreferrer noopener\">Hauptradroute 64 auf der Silberburgstra\u00dfe verwirklichen (10.02.2020)<\/a><\/p>\n\n\n\n<p><a href=\"https:\/\/gruene-ov-stuttgart.de\/west\/wp-content\/uploads\/2020\/04\/Kleinma\u00dfnahmen-zur-Verbesserung-der-Fu\u00dfga\u0308ngerfreundlichkeit-23.01.2020.pdf\" target=\"_blank\" rel=\"noreferrer noopener\">Kleinma\u00dfnahmen zur Verbesserung der Fu\u00dfga\u0308ngerfreundlichkeit (23.01.2020)<\/a><\/p>\n\n\n\n<p><a href=\"https:\/\/gruene-ov-stuttgart.de\/west\/wp-content\/uploads\/2020\/04\/Vorlage-einer-Baumbilanz-fu\u0308r-den-Stuttgarter-Westen-23.01.2020.pdf\" target=\"_blank\" rel=\"noreferrer noopener\">Vorlage einer Baumbilanz fu\u0308r den Stuttgarter Westen (23.01.2020)<\/a><\/p>\n\n\n\n<h2 class=\"wp-block-heading\">Antr\u00e4ge 2019<\/h2>\n\n\n\n<p><a href=\"https:\/\/gruene-ov-stuttgart.de\/west\/wp-content\/uploads\/2020\/04\/Tue-Gutes-rede-dru\u0308ber-und-lade-zum-Mitmachen-ein-25.11.2019.pdf\" target=\"_blank\" rel=\"noreferrer noopener\">Tue Gutes, rede dru\u0308ber und lade zum Mitmachen ein (25.11.2019)<\/a><\/p>\n\n\n\n<p><a href=\"https:\/\/gruene-ov-stuttgart.de\/west\/wp-content\/uploads\/2020\/04\/Fu\u00dfwege-frei-machen-von-behindernden-Schildern-und-Stadtmo\u0308blierung-31.10.2019.pdf\" target=\"_blank\" rel=\"noreferrer noopener\">Fu\u00dfwege frei machen von behindernden Schildern und Stadtmo\u0308blierung (31.10.2019)<\/a><\/p>\n\n\n\n<p><a href=\"https:\/\/gruene-ov-stuttgart.de\/west\/wp-content\/uploads\/2020\/04\/Sicherung-der-Radabbiegespur-an-der-Kreuzung-Herderplatz-15.10.2019.pdf\" target=\"_blank\" rel=\"noreferrer noopener\">Sicherung der Radabbiegespur an der Kreuzung Herderplatz (15.10.2019)<\/a><\/p>\n\n\n\n<p><a href=\"https:\/\/gruene-ov-stuttgart.de\/west\/wp-content\/uploads\/2020\/04\/Mehr-Wasser-im-o\u0308ffentlichen-Raum-fu\u0308r-den-Stuttgarter-Westen-wenn-alle-Bru\u0308nnlein-flie\u00dfen-31.07.2019.pdf\" target=\"_blank\" rel=\"noreferrer noopener\">Mehr Wasser im o\u0308ffentlichen Raum fu\u0308r den Stuttgarter Westen &#8211; wenn alle Bru\u0308nnlein flie\u00dfen (31.07.2019)<\/a><\/p>\n\n\n\n<p><a href=\"https:\/\/gruene-ov-stuttgart.de\/west\/wp-content\/uploads\/2020\/04\/Vierten-Fu\u00dfga\u0308ngeru\u0308berweg-Bebelstra\u00dfe-vor-Arndt-Spittastra\u00dfe-herstellen-09.05.2019.pdf\" target=\"_blank\" rel=\"noreferrer noopener\">Vierten Fu\u00dfga\u0308ngeru\u0308berweg Bebelstra\u00dfe vor Arndt-:Spittastra\u00dfe herstellen (09.05.2019)<\/a><\/p>\n\n\n\n<h2 class=\"wp-block-heading\">Antr\u00e4ge 2018<\/h2>\n\n\n\n<p><a href=\"https:\/\/gruene-ov-stuttgart.de\/west\/wp-content\/uploads\/2018\/11\/2018-02-17_Hauptradroute4-Botnanger-Str.-K\u00f6llestr.pdf\" target=\"_blank\" rel=\"noopener noreferrer\">Hauptradroute4 &#8211; Botnanger Str. K\u00f6llestr (17. 02. 2018)<\/a><\/p>\n\n\n\n<p><a href=\"https:\/\/gruene-ov-stuttgart.de\/west\/wp-content\/uploads\/2018\/11\/2018-02-18_Hauptradroute4-Beschilderung-1.pdf\" target=\"_blank\" rel=\"noopener noreferrer\">Hauptradroute4 &#8211; Beschilderung (1) (18. 02. 2018)<\/a><\/p>\n\n\n\n<p><a href=\"https:\/\/gruene-ov-stuttgart.de\/west\/wp-content\/uploads\/2018\/11\/2018-03-21_Arndt-Spitta-Str.-_\u00d6ffentl.Radabstellanlage.pdf\" target=\"_blank\" rel=\"noopener noreferrer\">Arndt-Spitta-Str. _\u00d6ffentl. Radabstellanlage (21. 03. 2018)<\/a><\/p>\n\n\n\n<p><a href=\"https:\/\/gruene-ov-stuttgart.de\/west\/wp-content\/uploads\/2018\/11\/2018-03-22_Fahrradgaragen.pdf\" target=\"_blank\" rel=\"noopener noreferrer\">Fahrradgaragen (22. 03. 2018)<\/a><\/p>\n\n\n\n<p><a href=\"https:\/\/gruene-ov-stuttgart.de\/west\/wp-content\/uploads\/2018\/11\/2018-03-26-Hajek-Kunst-im-Stuttgarter-Westen-w\u00fcrdigen.pdf\" target=\"_blank\" rel=\"noopener noreferrer\">Hajek-Kunst im Stuttgarter Westen w\u00fcrdigen (26. 03. 2018)<\/a><\/p>\n\n\n\n<p><a href=\"https:\/\/gruene-ov-stuttgart.de\/west\/wp-content\/uploads\/2018\/11\/2018-03-26-Unterflur-Altglascontainer-endlich-realisieren.pdf\" target=\"_blank\" rel=\"noopener noreferrer\">Unterflur-Altglascontainer endlich realisieren (26. 03. 2018)<\/a><\/p>\n\n\n\n<p><a href=\"https:\/\/gruene-ov-stuttgart.de\/west\/wp-content\/uploads\/2018\/11\/2018-09-24-Aussichtsplattform-an-der-Hasenbergsteige.pdf\" target=\"_blank\" rel=\"noopener noreferrer\">Aussichtsplattform an der Hasenbergsteige (24. 09. 2018)<\/a><\/p>\n\n\n\n<p><a href=\"https:\/\/gruene-ov-stuttgart.de\/west\/wp-content\/uploads\/2018\/02\/2018-02-09-Antrag_-Neue-Standorte-f\u00fcr-Altglascontainer-1.pdf\" target=\"_blank\" rel=\"noopener noreferrer\">Neue Standorte f\u00fcr Altglascontainer (9. 2. 2018)<\/a><\/p>\n\n\n\n<h2 class=\"wp-block-heading\">Antr\u00e4ge 2017<\/h2>\n\n\n\n<p><a href=\"https:\/\/gruene-ov-stuttgart.de\/west\/wp-content\/uploads\/2018\/02\/2017-10-Ladeinfrastruktur-im-Stuttgarter-Westen_Endfassung.pdf\" target=\"_blank\" rel=\"noopener noreferrer\">Ladeinfrastruktur im Stuttgarter Westen (28. 09. 2017)<\/a><\/p>\n\n\n\n<p><a href=\"https:\/\/gruene-ov-stuttgart.de\/west\/wp-content\/uploads\/2018\/02\/2017-02-23-L\u00e4rmaktionsplan_Antrag-B90-Gr\u00fcne-West.pdf\" target=\"_blank\" rel=\"noopener noreferrer\">L\u00e4rmaktionsplan (23. 2. 2017)<\/a><\/p>\n\n\n\n<p><a href=\"https:\/\/gruene-ov-stuttgart.de\/west\/wp-content\/uploads\/2018\/02\/2017-02-11_SchwabtunnelVerbessernFuerRadfahrerUndFuszgaenger.pdf\" target=\"_blank\" rel=\"noopener noreferrer\">Schwabtunnel verbessern f\u00fcr Radfahrer und Fu\u00dfg\u00e4nger (11. 2. 2017)<\/a><\/p>\n\n\n\n<p><\/p>\n\n\n\n<p><\/p>\n\n\n\n<p><\/p>\n","protected":false},"excerpt":{"rendered":"<p>Die Bezirksbeir\u00e4te in Stuttgart spielen eine wichtige Rolle in der Kommunalpolitik. Sie beraten \u00fcber alle Entscheidungen, die der Gemeinderat f\u00fcr einen bestimmten Bezirk treffen soll und sprechen Empfehlungen aus. Antr\u00e4ge [&hellip;]<\/p>\n","protected":false},"author":7,"featured_media":0,"parent":0,"menu_order":0,"comment_status":"closed","ping_status":"closed","template":"","meta":{"footnotes":"[]","beyondwords_generate_audio":"","beyondwords_integration_method":"","beyondwords_project_id":"","beyondwords_content_id":"","beyondwords_preview_token":"","beyondwords_player_content":"","beyondwords_player_style":"","beyondwords_language_code":"","beyondwords_language_id":"","beyondwords_title_voice_id":"","beyondwords_body_voice_id":"","beyondwords_summary_voice_id":"","beyondwords_error_message":"","beyondwords_disabled":"","beyondwords_delete_content":"","beyondwords_podcast_id":"","beyondwords_hash":"","publish_post_to_speechkit":"","speechkit_hash":"","speechkit_generate_audio":"","speechkit_project_id":"","speechkit_podcast_id":"","speechkit_error_message":"","speechkit_disabled":"","speechkit_access_key":"","speechkit_error":"","speechkit_info":"","speechkit_response":"","speechkit_retries":"","speechkit_status":"","speechkit_updated_at":"","_speechkit_link":"","_speechkit_text":""},"class_list":["post-25","page","type-page","status-publish","hentry"],"yoast_head":"<!-- This site is optimized with the Yoast SEO plugin v27.5 - https:\/\/yoast.com\/product\/yoast-seo-wordpress\/ -->\n<title>Antr\u00e4ge der gr\u00fcnen Fraktion im Bezirksbeirat West - Gr\u00fcne Stuttgart West<\/title>\n<meta name=\"robots\" content=\"index, follow, max-snippet:-1, max-image-preview:large, max-video-preview:-1\" \/>\n<link rel=\"canonical\" href=\"https:\/\/gruene-ov-stuttgart.de\/west\/antraege\/\" \/>\n<meta property=\"og:locale\" content=\"de_DE\" \/>\n<meta property=\"og:type\" content=\"article\" \/>\n<meta property=\"og:title\" content=\"Antr\u00e4ge der gr\u00fcnen Fraktion im Bezirksbeirat West - Gr\u00fcne Stuttgart West\" \/>\n<meta property=\"og:description\" content=\"Die Bezirksbeir\u00e4te in Stuttgart spielen eine wichtige Rolle in der Kommunalpolitik. Sie beraten \u00fcber alle Entscheidungen, die der Gemeinderat f\u00fcr einen bestimmten Bezirk treffen soll und sprechen Empfehlungen aus. Antr\u00e4ge [&hellip;]\" \/>\n<meta property=\"og:url\" content=\"https:\/\/gruene-ov-stuttgart.de\/west\/antraege\/\" \/>\n<meta property=\"og:site_name\" content=\"Gr\u00fcne Stuttgart West\" \/>\n<meta property=\"article:modified_time\" content=\"2025-03-01T11:51:03+00:00\" \/>\n<meta property=\"og:image\" content=\"https:\/\/gruene-ov-stuttgart.de\/west\/wp-content\/uploads\/2024\/04\/image.webp\" \/>\n\t<meta property=\"og:image:width\" content=\"1024\" \/>\n\t<meta property=\"og:image:height\" content=\"633\" \/>\n\t<meta property=\"og:image:type\" content=\"image\/webp\" \/>\n<meta name=\"twitter:card\" content=\"summary_large_image\" \/>\n<script type=\"application\/ld+json\" class=\"yoast-schema-graph\">{\"@context\":\"https:\\\/\\\/schema.org\",\"@graph\":[{\"@type\":\"WebPage\",\"@id\":\"https:\\\/\\\/gruene-ov-stuttgart.de\\\/west\\\/antraege\\\/\",\"url\":\"https:\\\/\\\/gruene-ov-stuttgart.de\\\/west\\\/antraege\\\/\",\"name\":\"Antr\u00e4ge der gr\u00fcnen Fraktion im Bezirksbeirat West - Gr\u00fcne Stuttgart West\",\"isPartOf\":{\"@id\":\"https:\\\/\\\/gruene-ov-stuttgart.de\\\/west\\\/#website\"},\"primaryImageOfPage\":{\"@id\":\"https:\\\/\\\/gruene-ov-stuttgart.de\\\/west\\\/antraege\\\/#primaryimage\"},\"image\":{\"@id\":\"https:\\\/\\\/gruene-ov-stuttgart.de\\\/west\\\/antraege\\\/#primaryimage\"},\"thumbnailUrl\":\"https:\\\/\\\/gruene-ov-stuttgart.de\\\/west\\\/wp-content\\\/uploads\\\/2024\\\/04\\\/image.webp\",\"datePublished\":\"2017-01-28T14:56:08+00:00\",\"dateModified\":\"2025-03-01T11:51:03+00:00\",\"breadcrumb\":{\"@id\":\"https:\\\/\\\/gruene-ov-stuttgart.de\\\/west\\\/antraege\\\/#breadcrumb\"},\"inLanguage\":\"de\",\"potentialAction\":[{\"@type\":\"ReadAction\",\"target\":[\"https:\\\/\\\/gruene-ov-stuttgart.de\\\/west\\\/antraege\\\/\"]}]},{\"@type\":\"ImageObject\",\"inLanguage\":\"de\",\"@id\":\"https:\\\/\\\/gruene-ov-stuttgart.de\\\/west\\\/antraege\\\/#primaryimage\",\"url\":\"https:\\\/\\\/gruene-ov-stuttgart.de\\\/west\\\/wp-content\\\/uploads\\\/2024\\\/04\\\/image.webp\",\"contentUrl\":\"https:\\\/\\\/gruene-ov-stuttgart.de\\\/west\\\/wp-content\\\/uploads\\\/2024\\\/04\\\/image.webp\",\"width\":1024,\"height\":633,\"caption\":\"\u201eFile. Free public domain CC0\u201c\\\/ CC0 1.0\"},{\"@type\":\"BreadcrumbList\",\"@id\":\"https:\\\/\\\/gruene-ov-stuttgart.de\\\/west\\\/antraege\\\/#breadcrumb\",\"itemListElement\":[{\"@type\":\"ListItem\",\"position\":1,\"name\":\"Startseite\",\"item\":\"https:\\\/\\\/gruene-ov-stuttgart.de\\\/west\\\/\"},{\"@type\":\"ListItem\",\"position\":2,\"name\":\"Antr\u00e4ge der gr\u00fcnen Fraktion im Bezirksbeirat West\"}]},{\"@type\":\"WebSite\",\"@id\":\"https:\\\/\\\/gruene-ov-stuttgart.de\\\/west\\\/#website\",\"url\":\"https:\\\/\\\/gruene-ov-stuttgart.de\\\/west\\\/\",\"name\":\"Gr\u00fcne Stuttgart West\",\"description\":\"B\u00fcndnis 90\\\/DIE GR\u00dcNEN im Stuttgarter Westen\",\"potentialAction\":[{\"@type\":\"SearchAction\",\"target\":{\"@type\":\"EntryPoint\",\"urlTemplate\":\"https:\\\/\\\/gruene-ov-stuttgart.de\\\/west\\\/?s={search_term_string}\"},\"query-input\":{\"@type\":\"PropertyValueSpecification\",\"valueRequired\":true,\"valueName\":\"search_term_string\"}}],\"inLanguage\":\"de\"}]}<\/script>\n<!-- \/ Yoast SEO plugin. -->","yoast_head_json":{"title":"Antr\u00e4ge der gr\u00fcnen Fraktion im Bezirksbeirat West - Gr\u00fcne Stuttgart West","robots":{"index":"index","follow":"follow","max-snippet":"max-snippet:-1","max-image-preview":"max-image-preview:large","max-video-preview":"max-video-preview:-1"},"canonical":"https:\/\/gruene-ov-stuttgart.de\/west\/antraege\/","og_locale":"de_DE","og_type":"article","og_title":"Antr\u00e4ge der gr\u00fcnen Fraktion im Bezirksbeirat West - Gr\u00fcne Stuttgart West","og_description":"Die Bezirksbeir\u00e4te in Stuttgart spielen eine wichtige Rolle in der Kommunalpolitik. Sie beraten \u00fcber alle Entscheidungen, die der Gemeinderat f\u00fcr einen bestimmten Bezirk treffen soll und sprechen Empfehlungen aus. Antr\u00e4ge [&hellip;]","og_url":"https:\/\/gruene-ov-stuttgart.de\/west\/antraege\/","og_site_name":"Gr\u00fcne Stuttgart West","article_modified_time":"2025-03-01T11:51:03+00:00","og_image":[{"width":1024,"height":633,"url":"https:\/\/gruene-ov-stuttgart.de\/west\/wp-content\/uploads\/2024\/04\/image.webp","type":"image\/webp"}],"twitter_card":"summary_large_image","schema":{"@context":"https:\/\/schema.org","@graph":[{"@type":"WebPage","@id":"https:\/\/gruene-ov-stuttgart.de\/west\/antraege\/","url":"https:\/\/gruene-ov-stuttgart.de\/west\/antraege\/","name":"Antr\u00e4ge der gr\u00fcnen Fraktion im Bezirksbeirat West - Gr\u00fcne Stuttgart West","isPartOf":{"@id":"https:\/\/gruene-ov-stuttgart.de\/west\/#website"},"primaryImageOfPage":{"@id":"https:\/\/gruene-ov-stuttgart.de\/west\/antraege\/#primaryimage"},"image":{"@id":"https:\/\/gruene-ov-stuttgart.de\/west\/antraege\/#primaryimage"},"thumbnailUrl":"https:\/\/gruene-ov-stuttgart.de\/west\/wp-content\/uploads\/2024\/04\/image.webp","datePublished":"2017-01-28T14:56:08+00:00","dateModified":"2025-03-01T11:51:03+00:00","breadcrumb":{"@id":"https:\/\/gruene-ov-stuttgart.de\/west\/antraege\/#breadcrumb"},"inLanguage":"de","potentialAction":[{"@type":"ReadAction","target":["https:\/\/gruene-ov-stuttgart.de\/west\/antraege\/"]}]},{"@type":"ImageObject","inLanguage":"de","@id":"https:\/\/gruene-ov-stuttgart.de\/west\/antraege\/#primaryimage","url":"https:\/\/gruene-ov-stuttgart.de\/west\/wp-content\/uploads\/2024\/04\/image.webp","contentUrl":"https:\/\/gruene-ov-stuttgart.de\/west\/wp-content\/uploads\/2024\/04\/image.webp","width":1024,"height":633,"caption":"\u201eFile. Free public domain CC0\u201c\/ CC0 1.0"},{"@type":"BreadcrumbList","@id":"https:\/\/gruene-ov-stuttgart.de\/west\/antraege\/#breadcrumb","itemListElement":[{"@type":"ListItem","position":1,"name":"Startseite","item":"https:\/\/gruene-ov-stuttgart.de\/west\/"},{"@type":"ListItem","position":2,"name":"Antr\u00e4ge der gr\u00fcnen Fraktion im Bezirksbeirat West"}]},{"@type":"WebSite","@id":"https:\/\/gruene-ov-stuttgart.de\/west\/#website","url":"https:\/\/gruene-ov-stuttgart.de\/west\/","name":"Gr\u00fcne Stuttgart West","description":"B\u00fcndnis 90\/DIE GR\u00dcNEN im Stuttgarter Westen","potentialAction":[{"@type":"SearchAction","target":{"@type":"EntryPoint","urlTemplate":"https:\/\/gruene-ov-stuttgart.de\/west\/?s={search_term_string}"},"query-input":{"@type":"PropertyValueSpecification","valueRequired":true,"valueName":"search_term_string"}}],"inLanguage":"de"}]}},"_links":{"self":[{"href":"https:\/\/gruene-ov-stuttgart.de\/west\/wp-json\/wp\/v2\/pages\/25","targetHints":{"allow":["GET"]}}],"collection":[{"href":"https:\/\/gruene-ov-stuttgart.de\/west\/wp-json\/wp\/v2\/pages"}],"about":[{"href":"https:\/\/gruene-ov-stuttgart.de\/west\/wp-json\/wp\/v2\/types\/page"}],"author":[{"embeddable":true,"href":"https:\/\/gruene-ov-stuttgart.de\/west\/wp-json\/wp\/v2\/users\/7"}],"replies":[{"embeddable":true,"href":"https:\/\/gruene-ov-stuttgart.de\/west\/wp-json\/wp\/v2\/comments?post=25"}],"version-history":[{"count":49,"href":"https:\/\/gruene-ov-stuttgart.de\/west\/wp-json\/wp\/v2\/pages\/25\/revisions"}],"predecessor-version":[{"id":2025,"href":"https:\/\/gruene-ov-stuttgart.de\/west\/wp-json\/wp\/v2\/pages\/25\/revisions\/2025"}],"wp:attachment":[{"href":"https:\/\/gruene-ov-stuttgart.de\/west\/wp-json\/wp\/v2\/media?parent=25"}],"curies":[{"name":"wp","href":"https:\/\/api.w.org\/{rel}","templated":true}]}}