{"id":288,"date":"2018-05-22T17:16:58","date_gmt":"2018-05-22T15:16:58","guid":{"rendered":"http:\/\/gruene-ov-stuttgart.de\/west\/?page_id=288"},"modified":"2024-02-01T15:01:26","modified_gmt":"2024-02-01T14:01:26","slug":"datenschutzerklaerung","status":"publish","type":"page","link":"https:\/\/gruene-ov-stuttgart.de\/west\/datenschutzerklaerung\/","title":{"rendered":"Datenschutzerkl\u00e4rung"},"content":{"rendered":"<div class=\"csc-header csc-header-n1\"><\/div>\n<p class=\"bodytext\"><b>Angaben gem\u00e4\u00df \u00a713 Telemediengesetz\u00a0<\/b><br \/>\nWir wissen, dass Sie dem Thema Datenschutz gro\u00dfe Bedeutung beimessen. Deshalb ist uns der Schutz Ihrer pers\u00f6nlichen Daten ein wichtiges Anliegen und wir behandeln Ihre personenbezogenen Daten vertraulich und entsprechend der gesetzlichen Datenschutzvorschriften (EU-Datenschutzverordnung, Telemediengesetz) sowie dieser Datenschutzerkl\u00e4rung.<\/p>\n<p>Eine Nutzung unserer Website ist grunds\u00e4tzlich ohne jede Angabe personenbezogener Daten m\u00f6glich. Sofern Sie jedoch besondere Services z.B. das Abonnement f\u00fcr den Newsletter \u00fcber unsere Website in Anspruch nehmen m\u00f6chte, k\u00f6nnte eine Verarbeitung personenbezogener Daten erforderlich werden. Die Verarbeitung personenbezogener Daten (beispielsweise Namen, Anschrift, E-Mail-Adresse oder Telefonnummer) erfolgt stets im Einklang mit der Datenschutz-Grundverordnung und in \u00dcbereinstimmung mit den f\u00fcr B\u00dcNDNIS 90 \/ DIE GR\u00dcNEN Kreisverband Stuttgart geltenden landesspezifischen Datenschutzbestimmungen.<\/p>\n<p>Mit dieser ausf\u00fchrlichen Datenschutzerkl\u00e4rung m\u00f6chten wir Sie \u00fcber Art, Umfang und Zweck der von uns erhobenen, genutzten und verarbeiteten personenbezogenen Daten informieren.<br \/>\nWir setzen zahlreiche technische und organisatorische Ma\u00dfnahmen um, um einen m\u00f6glichst l\u00fcckenlosen Schutz Ihrer, \u00fcber diese Website verarbeiteten, personenbezogenen Daten sicherzustellen. Dennoch k\u00f6nnen internetbasierte Daten\u00fcbertragungen grunds\u00e4tzlich Sicherheitsl\u00fccken aufweisen, sodass ein absoluter Schutz nicht gew\u00e4hrleistet werden kann. Aus diesem Grund steht es Ihnen jederzeit frei, uns Ihre personenbezogenen Daten auch auf alternativen Wegen, beispielsweise auch telefonisch, zu \u00fcbermitteln.<\/p>\n<p><b><br \/>\nDatenverarbeitung<\/b><br \/>\nUnsere Website erfasst mit jedem Aufruf eine Reihe von allgemeinen Daten und Informationen. Diese allgemeinen Daten und Informationen werden in den Logfiles des Servers gespeichert.<br \/>\nErfasst werden k\u00f6nnen (1) die verwendeten Browsertypen und -versionen, (2) das verwendete Betriebssystem, (3) die Refferer URL (die Internetseite, die zuvor besucht wurde), (4)\u00a0 Unterwebseiten, welche \u00fcber ein zugreifendes System auf unserer Internetseite angesteuert werden, (5) Datum und Uhrzeit des Zugriffs,\u00a0 (6) eine Internet-Protokoll-Adresse (IP-Adresse \/ Hostname),\u00a0 (7) der Internet-Service-Provider des zugreifenden Systems und (8) sonstige \u00e4hnliche Daten und Informationen, die der Gefahrenabwehr im Falle von Angriffen auf unsere informationstechnologischen Systeme dienen.<br \/>\nBei der Nutzung dieser allgemeinen Daten und Informationen ziehen wir keine R\u00fcckschl\u00fcsse auf Personen. Die \u00fcber die Website anonym erhobenen Daten werden statistisch und mit dem Ziel ausgewertet, den Datenschutz und die Datensicherheit zu erh\u00f6hen, um ein optimales Schutzniveau f\u00fcr die von uns verarbeiteten personenbezogenen Daten sicherzustellen. Dar\u00fcber hinaus werden diese anonymen Daten der Server-Logfiles getrennt von allen angegebenen personenbezogenen Daten gespeichert und zudem in zyklischen Abst\u00e4nden gel\u00f6scht.<\/p>\n<p><b>Cookies<br \/>\n<\/b>Unsere Website verwendet so genannte \u201eCookies\u201c. Cookies sind Textdateien, die \u00fcber einen Internetbrowser auf einem Computersystem abgelegt und gespeichert werden und mit deren Hilfe Informationen aus einer Website an Ihre Bed\u00fcrfnisse angepasst werden k\u00f6nnen. Diese dienen dem Zweck Websites komfortabel, effektiv und sicher zu machen. Ein Cookie ist ein Datenelement, das eine Website an Ihren Browser schicken kann, um es dort auf Ihrem System zu speichern. \u00a0Gelegentlich nutzen auch wir tempor\u00e4re Cookies, damit wir Sie effektiver unterst\u00fctzen k\u00f6nnen, wenn Sie auf unsere Website zur\u00fcckkommen. Sie haben jedoch die M\u00f6glichkeit, Ihren Browser so einzustellen, dass er Sie davon in Kenntnis setzt, wenn Sie ein Cookie erhalten. Dann k\u00f6nnen Sie selbst entscheiden, ob Sie das akzeptieren oder der Setzung von Cookies dauerhaft widersprechen. Ferner k\u00f6nnen bereits gesetzte Cookies jederzeit \u00fcber einen Internetbrowser oder andere Softwareprogramme gel\u00f6scht werden. Deaktivieren Sie die Setzung von Cookies, sind unter Umst\u00e4nden nicht alle Funktionen unserer Internetseite vollumf\u00e4nglich nutzbar.<\/p>\n<p>Netscape, Mozilla, Firefox: -&gt;Bearbeiten -&gt;Einstellungen -&gt;Erweitert -&gt;Cookies<br \/>\nExplorer: -&gt;Ansicht -&gt;Internetoptionen -&gt;Erweitert -&gt;CookiesNetscape, Mozilla, Firefox: -&gt;Bearbeiten -&gt;Einstellungen -&gt;Erweitert -&gt;Cookies Explorer: -&gt;Ansicht -&gt;Internetoptionen -&gt;Erweitert -&gt;Cookies<\/p>\n<p>Auf dieser Website ist die Komponente <b>Matomo<\/b> (150 Willis St, 6011 Wellington, New Zealand; vormals: Piwik150 Willis St, 6011 Wellington, New Zealand; vormals: Piwik) integriert. Matomo ist ein Open-Source-Softwaretool zur Web-Analyse. Web-Analyse ist die Erhebung, Sammlung und Auswertung von Daten \u00fcber das Verhalten von Besuchern von Internetseiten. Ein Web-Analyse-Tool erfasst unter anderem Daten dar\u00fcber, von welcher Internetseite eine betroffene Person auf eine Internetseite gekommen ist (sogenannter Referrer), auf welche Unterseiten der Internetseite zugegriffen oder wie oft und f\u00fcr welche Verweildauer eine Unterseite betrachtet wurde. Eine Web-Analyse wird \u00fcberwiegend zur Optimierung einer Internetseite und zur Kosten-Nutzen-Analyse von Internetwerbung eingesetzt. Die Software wird auf unserem Server betrieben, die datenschutzrechtlich sensiblen Logdateien werden ausschlie\u00dflich auf diesem Server gespeichert. Der Zweck der Matomo-Komponente ist die Analyse der Besucherstr\u00f6me auf unserer Internetseite.<br \/>\nMatomo setzt ein Cookie auf dem informationstechnologischen System der betroffenen Person. Was Cookies sind, wurde oben bereits erl\u00e4utert. Mit der Setzung des Cookies wird uns eine Analyse der Benutzung unserer Internetseite erm\u00f6glicht. Durch jeden Aufruf einer der Einzelseiten dieser Internetseite wird der Internetbrowser auf dem informationstechnologischen System der betroffenen Person automatisch durch die Matomo-Komponente veranlasst, Daten zum Zwecke der Online-Analyse an unseren Server zu \u00fcbermitteln. Im Rahmen dieses technischen Verfahrens erhalten wir Kenntnis \u00fcber personenbezogene Daten, wie Ihrer IP-Adresse, die uns unter anderem dazu dient, die Herkunft der Besucher und Klicks nachzuvollziehen. Mittels Cookies werden personenbezogene Informationen, beispielsweise die Zugriffszeit, der Ort, von welchem ein Zugriff ausging und die H\u00e4ufigkeit der Besuche auf unserer Internetseite gespeichert. Bei jedem Besuch unserer Internetseiten werden diese personenbezogenen Daten, einschlie\u00dflich der IP-Adresse des von der betroffenen Person genutzten Internetanschlusses, an unseren Server \u00fcbertragen. Diese personenbezogenen Daten werden durch uns gespeichert. Wir geben diese personenbezogenen Daten nicht an Dritte weiter. Die k\u00f6nnen die Setzung von Cookies durch unsere Internetseite, wie oben bereits dargestellt, jederzeit mittels einer entsprechenden Einstellung des genutzten Internetbrowsers verhindern und damit der Setzung von Cookies dauerhaft widersprechen. Eine solche Einstellung des genutzten Internetbrowsers w\u00fcrde auch verhindern, dass Matomo ein Cookie auf dem informationstechnologischen System der betroffenen Person setzt. Zudem kann ein von Matomo bereits gesetzter Cookie jederzeit \u00fcber einen Internetbrowser oder andere Softwareprogramme gel\u00f6scht werden. Ferner besteht f\u00fcr Sie die M\u00f6glichkeit, dieser Erfassung zu widersprechen und eine solche zu verhindern. Hierzu m\u00fcssen Sie in Ihrem Browser &#8222;Do Not Track&#8220; einstellen. Mit der Setzung des Opt-Out-Cookies besteht jedoch die M\u00f6glichkeit, dass unsere Internetseiten f\u00fcr Sie nicht mehr vollumf\u00e4nglich nutzbar sind. Weitere Informationen und die geltenden Datenschutzbestimmungen von Matomo k\u00f6nnen unter <a href=\"https:\/\/matomo.org\/privacy\/\" target=\"_blank\" rel=\"noopener\">https:\/\/matomo.org\/privacy\/<\/a> abgerufen werden.<\/p>\n<p class=\"bodytext\"><b>Registrierung auf unserer Website<\/b><br \/>\nAuf unserer Website haben Sie die M\u00f6glichkeit, sich z.B. f\u00fcr den Newsletter Versand unter Angabe von personenbezogenen Daten zu registrieren.<br \/>\nWelche personenbezogenen Daten dabei an uns \u00fcbermittelt werden, ergibt sich aus der jeweiligen Eingabemaske, die f\u00fcr die Registrierung verwendet wird. Personenbezogenen Daten werden ausschlie\u00dflich f\u00fcr die interne Verwendung und f\u00fcr eigene Zwecke erhoben und gespeichert. Eine Weitergabe dieser Daten an Dritte erfolgt grunds\u00e4tzlich nicht, sofern keine gesetzliche Pflicht zur Weitergabe besteht oder die Weitergabe der Strafverfolgung dient.<br \/>\nDie Registrierung dient uns dazu, Ihnen Inhalte oder Leistungen anzubieten, die aufgrund der Natur der Sache nur registrierten Benutzern angeboten werden k\u00f6nnen. Es steht Ihnen jederzeit die M\u00f6glichkeit frei, Ihre personenbezogenen Daten abzu\u00e4ndern oder vollst\u00e4ndig aus unserem Datenbestand l\u00f6schen zu lassen. Wir erteilen Ihnen jederzeit auf Anfrage Auskunft dar\u00fcber, welche personenbezogenen Daten bei uns gespeichert sind. Ferner berichtigen oder l\u00f6schen wir Ihre Daten auf Ihren Wunsch oder Hinweis, soweit dem keine gesetzlichen Aufbewahrungspflichten entgegenstehen.<br \/>\nDiese Website nutzt aus Gr\u00fcnden der Sicherheit und zum Schutz der \u00dcbertragung vertrauliche Inhalte, wie zum Beispiel der Anfragen, die Sie an uns senden, eine SSL-Verschl\u00fcsselung. Eine verschl\u00fcsselte Verbindung erkennen Sie daran, dass die Adresszeile des Browsers von \u201ehttp.\/\/\u201c auf \u201e\u201ehttps.\/\/\u201c wechselt und an dem Schloss-Symbol in der Browserzeile. Wenn die SSL-Verschl\u00fcsselung aktiviert ist, k\u00f6nnen die Daten, die Sie an uns \u00fcbermitteln, nicht von Dritten mitgelesen werden.<\/p>\n<p><b>Abonnement unseres Newsletters<\/b><br \/>\nAuf unserer Website k\u00f6nnen Sie auch unseren Newsletter abonnieren.<br \/>\nWelche personenbezogenen Daten bei der Bestellung des Newsletters an uns \u00fcbermittelt werden, ergibt sich aus der hierzu verwendeten Eingabemaske. Die Angabe Ihres Namens ist optional und ist lediglich f\u00fcr eine korrekte Anrede notwendig. In regelm\u00e4\u00dfigen Abst\u00e4nden informieren wir mit einem Newsletter \u00fcber Aktuelles. Dieser kann grunds\u00e4tzlich nur dann empfangen werden, wenn (1) Sie \u00fcber eine g\u00fcltige E-Mail-Adresse verf\u00fcgen und (2) Sie sich f\u00fcr den Newsletter-Versand registrieren lassen.<br \/>\nDie in diesem Rahmen erhobenen personenbezogenen Daten werden ausschlie\u00dflich zum Versand unseres Newsletters verwendet.<br \/>\nFerner k\u00f6nnten Abonnenten des Newsletters per E-Mail informiert werden, sofern dies f\u00fcr den Betrieb des Newsletter-Dienstes oder eine diesbez\u00fcgliche Registrierung erforderlich ist, wie dies im Falle von \u00c4nderungen am Newsletter -Angebot oder bei der Ver\u00e4nderung der technischen Gegebenheiten der Fall sein k\u00f6nnte.<br \/>\nEs erfolgt keine Weitergabe Ihrer Daten an Dritte. Ihre Einwilligung zur Speicherung von personenbezogenen Daten, der Email-Adresse sowie deren Nutzung zum Versand des Newsletters k\u00f6nnen Sie jederzeit widerrufen.\u00a0 Zum Zwecke des Widerrufs der Einwilligung findet sich in jedem Newsletter ein entsprechender Link.\u00a0 Ferner haben Sie die M\u00f6glichkeit sich jederzeit auch \u00fcber unsere Website vom Newsletter-Versand abzumelden oder uns dies auf andere Weise z.B. pers\u00f6nlich mitzuteilen.<br \/>\n<b><\/b><\/p>\n<p>Kontaktm\u00f6glichkeit \u00fcber die Website<\/p>\n<p>Unsere Website enth\u00e4lt aufgrund von gesetzlichen Vorschriften Angaben, die eine schnelle elektronische Kontaktaufnahme zu uns sowie eine unmittelbare Kommunikation erm\u00f6glichen, was ebenfalls eine allgemeine Adresse der sogenannten elektronischen Post (E-Mail-Adresse) umfasst.<br \/>\nSofern Sie per E-Mail oder \u00fcber ein Kontaktformular den Kontakt mit uns aufnehmen, werden die von Ihnen \u00fcbermittelten personenbezogenen Daten automatisch gespeichert und wir verwenden diese ausschlie\u00dflich zur Beantwortung Ihres Anliegens.\u00a0 Diese Daten werden, sofern dem keine gesetzliche Aufbewahrungsfristen entgegenstehen, nach Abschluss Ihres Anliegens umgehend gel\u00f6scht. Es erfolgt keine Weitergabe dieser Daten an Dritte.<\/p>\n<p><b>Rechte auf Auskunft, L\u00f6schen, Sperren und Berichtigen<\/b><br \/>\nSie haben jederzeit das Recht auf Auskunft \u00fcber Ihre personenbezogene Daten, deren Herkunft und Empf\u00e4nger, sowie die Verarbeitung und Zweck der Speicherung.<\/p>\n<p>Auskunft \u00fcber Ihre personenbezogenen gespeicherten Daten bekommen Sie<br \/>\n\u00fcber unsere <b>verantwortliche Stelle<br \/>\n<\/b><b>B\u00dcNDNIS 90 \/ DIE GR\u00dcNEN Kreisverband Stuttgart<\/b><\/p>\n<p>Amelie Montigel, B\u00fcndnis 90\/ Die Gr\u00fcnen Kreisverband Stuttgart<br \/>\nK\u00f6nigstra\u00dfe 78<br \/>\n70173 Stuttgart<\/p>\n<p>Telefon: 0711 6159501<br \/>\nE-Mail: info[at]gruene-stuttgart.de<\/p>\n<p>Website: www.gruene-stuttgart.de<\/p>\n<p class=\"bodytext\">Selbstverst\u00e4ndlich k\u00f6nnen Sie Ihre personenbezogenen Daten l\u00f6schen lassen, sofern diese keiner gesetzlichen Aufbewahrungsfrist entgegenstehen oder die L\u00f6schung in einem unverh\u00e4ltnism\u00e4\u00dfig hohen Aufwand stehen, tritt im Sinne des Datenschutzrechts eine Sperrung der Daten in Kraft.\u00a0Diese verhindert die weitere Verwendung durch uns.<br \/>\nBei fehlerhaften Daten k\u00f6nnen Sie diese selbstverst\u00e4ndlich jederzeit berichtigen lassen.<\/p>\n<p class=\"bodytext\"><b>Datenschutz bei Bewerbungen<\/b><br \/>\n\u00dcber unsere Website schreiben wir aktuelle zu besetzende Stellen aus. Wir freuen uns \u00fcber Ihre Bewerbungen. Bitte beachten Sie hierbei den unvollst\u00e4ndigen Schutz Ihrer Daten via Email und \u00fcbermitteln Sie uns sensible Daten bitte immer \u00fcber den Postweg oder mittels Verschl\u00fcsselungen. Wir erheben und verarbeiten Ihre Daten zum Zwecke der Abwicklung des Bewerbungsverfahrens. Nach der Stellenbesetzung und Ablauf der gesetzlichen Frist zur Abwehr von Rechtsstreitigkeiten werden Ihre Unterlagen aus unserem System gel\u00f6scht, sofern einer L\u00f6schung keine sonstigen berechtigten Interessen entgegenstehen, z.B. im Sinne von einer Beweispflicht in einem Verfahren nach dem Allgemeinen Gleichbehandlungsgesetz (AGG).<\/p>\n<p class=\"bodytext\"><b>Links zu anderen Websites<\/b><br \/>\nSie finden auf unserer Website auch Links zu anderen Seiten im Internet.\u00a0F\u00fcr alle diese Links und Banner gilt, dass wir keinerlei Einfluss auf die Gestaltung und die Inhalte der gelinkten Seiten haben. Deswegen \u00fcbernehmen wir auch keinerlei Verantwortung f\u00fcr Inhalt, Gestaltung und die Datenschutzbestimmungen dieser Seiten.<br \/>\nBei der Verlinkung zu sozialen Netzwerken werden keinerlei personenbezogene Daten \u00fcbertragen.<\/p>\n<p class=\"bodytext\"><b>Einbindung von Google Maps<\/b><br \/>\nUnsere Website verwendet Google Maps API, um geographische Informationen visuell darzustellen. Dar\u00fcber sammelt Google auch Daten \u00fcber die Besucher der Webseite, die anschlie\u00dfend verarbeitet und genutzt werden.<br \/>\nWeitere Informationen \u00fcber die Datenverarbeitung sind in den Google-Datenschutzhinweisen beschrieben: <a href=\"https:\/\/policies.google.com\/privacy?hl=de\" target=\"_blank\" rel=\"noopener\">www.google.com\/intl\/de\/policies\/privacy\/<\/a>. Im Google-Datenschutzcenter k\u00f6nnen pers\u00f6nliche Einstellungen ge\u00e4ndert und angepasst werden. Weitere Anleitungen zur Verwaltung der pers\u00f6nlichen Daten bei Verwendung von Google-Produkten gibt es auf der von Google betriebenen Webseite <a href=\"http:\/\/www.dataliberation.org\/\" target=\"_blank\" rel=\"noopener\">http:\/\/www.dataliberation.org\/<\/a><\/p>\n<p class=\"bodytext\"><b>Einbindung von Videos<\/b><br \/>\nUnsere Website verwendet eingebundene YouTube-Videos. Dadurch werden schon bei Aufruf der Webseite Cookies auf dem System der Nutzer*innen abgelegt. Um dies zu verhindern, muss das in den Browser-Einstellungen blockiert werden.<br \/>\nWeitere Informationen zur Datenverarbeitung und Hinweise zum Datenschutz durch YouTube (Google) finden Sie unter <a href=\"http:\/\/www.google.de\/intl\/de\/policies\/privacy\/\" target=\"_blank\" rel=\"noopener\">www.google.de\/intl\/de\/policies\/privacy\/<\/a>.<br \/>\nDar\u00fcber hinaus verwenden wir auch eingebundene Vimeo-Videos. Dadurch werden schon bei Aufruf der Seite Cookies auf dem System der Nutzer*nnen abgelegt. Um dies zu verhindern, muss das in den Browser-Einstellungen blockiert werden.<br \/>\nWeitere Informationen zur Datenverarbeitung und Hinweise zum Datenschutz durch Vimeo finden Sie unter <a href=\"https:\/\/vimeo.com\/privacy\" target=\"_blank\" rel=\"noopener\">https:\/\/vimeo.com\/privacy.<\/a><\/p>\n<p class=\"bodytext\"><b>Verwendung von Social-Media-Buttons mit Datenschutz<\/b> (Shariff) f\u00fcr Facebook, Instagram und Twitter<br \/>\nAuf den Websites von B\u00dcNDNIS 90 \/ DIE GR\u00dcNEN Kreisverband Stuttgart werden sogenannte Social-Media-Buttons f\u00fcr das Teilen von Inhalten auf Facebook, Instagram und Twitter verwendet. Diese Buttons tauchen u.a.\u00a0 unterhalb von Artikeln auf und k\u00f6nnen zum Empfehlen einzelner Artikel in den sozialen Medien genutzt werden. Die Buttons werden auch zur Aktivierung der Darstellung von Facebook-, Instagram und Twitter-Feeds verwendet und sind u.a. mit \u201eMit Facebook verbinden\u201c sowie \u201eMit Twitter verbinden\u201c gekennzeichnet. Sobald diese Buttons aktiviert werden, wird eine Verbindung zu den Servern von Facebook oder Twitter hergestellt und Nutzerdaten werden an die externen Server \u00fcbermittelt.<br \/>\nWeitere Informationen zur <a href=\"https:\/\/www.heise.de\/ct\/artikel\/Shariff-Social-Media-Buttons-mit-Datenschutz-2467514.html\" target=\"_blank\" rel=\"noopener\">Initiative von heise.de f\u00fcr eine 2-Klick-Methode namens &#8222;Shariff&#8220; <\/a><\/p>\n<p class=\"bodytext\">Weitere Informationen und Details zur Datenverarbeitung sowie Hinweise zum <b>Datenschutz bei <\/b><b><a href=\"https:\/\/gruene-stuttgart.de\/userspace\/BW\/kv_stuttgart\/Dokumente\/Datenschutzbestimmungen_zu_Einsatz_und_Verwendung_von_Facebook.pdf\">facebook<\/a><\/b>, <b><a href=\"https:\/\/gruene-stuttgart.de\/userspace\/BW\/kv_stuttgart\/Dokumente\/Datenschutzbestimmungen_zu_Einsatz_und_Verwendung_von_Instagram.pdf\">twitter<\/a><\/b> und <b><a href=\"https:\/\/gruene-stuttgart.de\/userspace\/BW\/kv_stuttgart\/Dokumente\/Datenschutzbestimmungen_zu_Einsatz_und_Verwendung_von_Instagram.pdf\">Instagram<\/a> <\/b>finden Sie bei den hinterlegten Links der jeweiligen sozialen Netzwerke.<\/p>\n<p class=\"bodytext\"><b>Verantwortlich im Sinne des Datenschutzrechts ist:<\/b><\/p>\n<p>Amelie Montigel, B\u00fcndnis 90\/ Die Gr\u00fcnen Kreisverband Stuttgart<br \/>\nK\u00f6nigstra\u00dfe 78<br \/>\n70173 Stuttgart<\/p>\n<p>Telefon: 0711 6159501<br \/>\nE-Mail: info[at]gruene-stuttgart.de<\/p>\n<p class=\"bodytext\">\nwww.gruene-stuttgart.de<\/p>\n<p class=\"bodytext\">Quellenverweis: Website Datenschutzerkl\u00e4rung &#8211; Generator<br \/>\n<a href=\"https:\/\/dsgvo-muster-datenschutzerklaerung.dg-datenschutz.de\/&amp;nbsp\" target=\"_blank\" rel=\"noopener\">dsgvo-muster-datenschutzerklaerung.dg-datenschutz.de\/&amp;nbsp<\/a>;<br \/>\nDGD Deutsche Gesellschaft f\u00fcr Datenschutz GmbH\u00a0Robert-Bosch-Stra\u00dfe 11, 85221 Dachau<\/p>\n<p class=\"bodytext\">Stuttgart, 22.05.2018<\/p>\n","protected":false},"excerpt":{"rendered":"<p>Angaben gem\u00e4\u00df \u00a713 Telemediengesetz\u00a0 Wir wissen, dass Sie dem Thema Datenschutz gro\u00dfe Bedeutung beimessen. Deshalb ist uns der Schutz Ihrer pers\u00f6nlichen Daten ein wichtiges Anliegen und wir behandeln Ihre personenbezogenen [&hellip;]<\/p>\n","protected":false},"author":7,"featured_media":0,"parent":0,"menu_order":0,"comment_status":"closed","ping_status":"closed","template":"","meta":{"footnotes":"","beyondwords_generate_audio":"","beyondwords_integration_method":"","beyondwords_project_id":"","beyondwords_content_id":"","beyondwords_preview_token":"","beyondwords_player_content":"","beyondwords_player_style":"","beyondwords_language_code":"","beyondwords_language_id":"","beyondwords_title_voice_id":"","beyondwords_body_voice_id":"","beyondwords_summary_voice_id":"","beyondwords_error_message":"","beyondwords_disabled":"","beyondwords_delete_content":"","beyondwords_podcast_id":"","beyondwords_hash":"","publish_post_to_speechkit":"","speechkit_hash":"","speechkit_generate_audio":"","speechkit_project_id":"","speechkit_podcast_id":"","speechkit_error_message":"","speechkit_disabled":"","speechkit_access_key":"","speechkit_error":"","speechkit_info":"","speechkit_response":"","speechkit_retries":"","speechkit_status":"","speechkit_updated_at":"","_speechkit_link":"","_speechkit_text":""},"class_list":["post-288","page","type-page","status-publish","hentry"],"yoast_head":"<!-- This site is optimized with the Yoast SEO plugin v27.5 - https:\/\/yoast.com\/product\/yoast-seo-wordpress\/ -->\n<title>Datenschutzerkl\u00e4rung - Gr\u00fcne Stuttgart West<\/title>\n<meta name=\"robots\" content=\"index, follow, max-snippet:-1, max-image-preview:large, max-video-preview:-1\" \/>\n<link rel=\"canonical\" href=\"https:\/\/gruene-ov-stuttgart.de\/west\/datenschutzerklaerung\/\" \/>\n<meta property=\"og:locale\" content=\"de_DE\" \/>\n<meta property=\"og:type\" content=\"article\" \/>\n<meta property=\"og:title\" content=\"Datenschutzerkl\u00e4rung - Gr\u00fcne Stuttgart West\" \/>\n<meta property=\"og:description\" content=\"Angaben gem\u00e4\u00df \u00a713 Telemediengesetz\u00a0 Wir wissen, dass Sie dem Thema Datenschutz gro\u00dfe Bedeutung beimessen. Deshalb ist uns der Schutz Ihrer pers\u00f6nlichen Daten ein wichtiges Anliegen und wir behandeln Ihre personenbezogenen [&hellip;]\" \/>\n<meta property=\"og:url\" content=\"https:\/\/gruene-ov-stuttgart.de\/west\/datenschutzerklaerung\/\" \/>\n<meta property=\"og:site_name\" content=\"Gr\u00fcne Stuttgart West\" \/>\n<meta property=\"article:modified_time\" content=\"2024-02-01T14:01:26+00:00\" \/>\n<meta name=\"twitter:card\" content=\"summary_large_image\" \/>\n<script type=\"application\/ld+json\" class=\"yoast-schema-graph\">{\"@context\":\"https:\\\/\\\/schema.org\",\"@graph\":[{\"@type\":\"WebPage\",\"@id\":\"https:\\\/\\\/gruene-ov-stuttgart.de\\\/west\\\/datenschutzerklaerung\\\/\",\"url\":\"https:\\\/\\\/gruene-ov-stuttgart.de\\\/west\\\/datenschutzerklaerung\\\/\",\"name\":\"Datenschutzerkl\u00e4rung - Gr\u00fcne Stuttgart West\",\"isPartOf\":{\"@id\":\"https:\\\/\\\/gruene-ov-stuttgart.de\\\/west\\\/#website\"},\"datePublished\":\"2018-05-22T15:16:58+00:00\",\"dateModified\":\"2024-02-01T14:01:26+00:00\",\"breadcrumb\":{\"@id\":\"https:\\\/\\\/gruene-ov-stuttgart.de\\\/west\\\/datenschutzerklaerung\\\/#breadcrumb\"},\"inLanguage\":\"de\",\"potentialAction\":[{\"@type\":\"ReadAction\",\"target\":[\"https:\\\/\\\/gruene-ov-stuttgart.de\\\/west\\\/datenschutzerklaerung\\\/\"]}]},{\"@type\":\"BreadcrumbList\",\"@id\":\"https:\\\/\\\/gruene-ov-stuttgart.de\\\/west\\\/datenschutzerklaerung\\\/#breadcrumb\",\"itemListElement\":[{\"@type\":\"ListItem\",\"position\":1,\"name\":\"Startseite\",\"item\":\"https:\\\/\\\/gruene-ov-stuttgart.de\\\/west\\\/\"},{\"@type\":\"ListItem\",\"position\":2,\"name\":\"Datenschutzerkl\u00e4rung\"}]},{\"@type\":\"WebSite\",\"@id\":\"https:\\\/\\\/gruene-ov-stuttgart.de\\\/west\\\/#website\",\"url\":\"https:\\\/\\\/gruene-ov-stuttgart.de\\\/west\\\/\",\"name\":\"Gr\u00fcne Stuttgart West\",\"description\":\"B\u00fcndnis 90\\\/DIE GR\u00dcNEN im Stuttgarter Westen\",\"potentialAction\":[{\"@type\":\"SearchAction\",\"target\":{\"@type\":\"EntryPoint\",\"urlTemplate\":\"https:\\\/\\\/gruene-ov-stuttgart.de\\\/west\\\/?s={search_term_string}\"},\"query-input\":{\"@type\":\"PropertyValueSpecification\",\"valueRequired\":true,\"valueName\":\"search_term_string\"}}],\"inLanguage\":\"de\"}]}<\/script>\n<!-- \/ Yoast SEO plugin. -->","yoast_head_json":{"title":"Datenschutzerkl\u00e4rung - Gr\u00fcne Stuttgart West","robots":{"index":"index","follow":"follow","max-snippet":"max-snippet:-1","max-image-preview":"max-image-preview:large","max-video-preview":"max-video-preview:-1"},"canonical":"https:\/\/gruene-ov-stuttgart.de\/west\/datenschutzerklaerung\/","og_locale":"de_DE","og_type":"article","og_title":"Datenschutzerkl\u00e4rung - Gr\u00fcne Stuttgart West","og_description":"Angaben gem\u00e4\u00df \u00a713 Telemediengesetz\u00a0 Wir wissen, dass Sie dem Thema Datenschutz gro\u00dfe Bedeutung beimessen. Deshalb ist uns der Schutz Ihrer pers\u00f6nlichen Daten ein wichtiges Anliegen und wir behandeln Ihre personenbezogenen [&hellip;]","og_url":"https:\/\/gruene-ov-stuttgart.de\/west\/datenschutzerklaerung\/","og_site_name":"Gr\u00fcne Stuttgart West","article_modified_time":"2024-02-01T14:01:26+00:00","twitter_card":"summary_large_image","schema":{"@context":"https:\/\/schema.org","@graph":[{"@type":"WebPage","@id":"https:\/\/gruene-ov-stuttgart.de\/west\/datenschutzerklaerung\/","url":"https:\/\/gruene-ov-stuttgart.de\/west\/datenschutzerklaerung\/","name":"Datenschutzerkl\u00e4rung - Gr\u00fcne Stuttgart West","isPartOf":{"@id":"https:\/\/gruene-ov-stuttgart.de\/west\/#website"},"datePublished":"2018-05-22T15:16:58+00:00","dateModified":"2024-02-01T14:01:26+00:00","breadcrumb":{"@id":"https:\/\/gruene-ov-stuttgart.de\/west\/datenschutzerklaerung\/#breadcrumb"},"inLanguage":"de","potentialAction":[{"@type":"ReadAction","target":["https:\/\/gruene-ov-stuttgart.de\/west\/datenschutzerklaerung\/"]}]},{"@type":"BreadcrumbList","@id":"https:\/\/gruene-ov-stuttgart.de\/west\/datenschutzerklaerung\/#breadcrumb","itemListElement":[{"@type":"ListItem","position":1,"name":"Startseite","item":"https:\/\/gruene-ov-stuttgart.de\/west\/"},{"@type":"ListItem","position":2,"name":"Datenschutzerkl\u00e4rung"}]},{"@type":"WebSite","@id":"https:\/\/gruene-ov-stuttgart.de\/west\/#website","url":"https:\/\/gruene-ov-stuttgart.de\/west\/","name":"Gr\u00fcne Stuttgart West","description":"B\u00fcndnis 90\/DIE GR\u00dcNEN im Stuttgarter Westen","potentialAction":[{"@type":"SearchAction","target":{"@type":"EntryPoint","urlTemplate":"https:\/\/gruene-ov-stuttgart.de\/west\/?s={search_term_string}"},"query-input":{"@type":"PropertyValueSpecification","valueRequired":true,"valueName":"search_term_string"}}],"inLanguage":"de"}]}},"_links":{"self":[{"href":"https:\/\/gruene-ov-stuttgart.de\/west\/wp-json\/wp\/v2\/pages\/288","targetHints":{"allow":["GET"]}}],"collection":[{"href":"https:\/\/gruene-ov-stuttgart.de\/west\/wp-json\/wp\/v2\/pages"}],"about":[{"href":"https:\/\/gruene-ov-stuttgart.de\/west\/wp-json\/wp\/v2\/types\/page"}],"author":[{"embeddable":true,"href":"https:\/\/gruene-ov-stuttgart.de\/west\/wp-json\/wp\/v2\/users\/7"}],"replies":[{"embeddable":true,"href":"https:\/\/gruene-ov-stuttgart.de\/west\/wp-json\/wp\/v2\/comments?post=288"}],"version-history":[{"count":5,"href":"https:\/\/gruene-ov-stuttgart.de\/west\/wp-json\/wp\/v2\/pages\/288\/revisions"}],"predecessor-version":[{"id":1343,"href":"https:\/\/gruene-ov-stuttgart.de\/west\/wp-json\/wp\/v2\/pages\/288\/revisions\/1343"}],"wp:attachment":[{"href":"https:\/\/gruene-ov-stuttgart.de\/west\/wp-json\/wp\/v2\/media?parent=288"}],"curies":[{"name":"wp","href":"https:\/\/api.w.org\/{rel}","templated":true}]}}